{"id":776,"date":"2024-01-10T14:31:00","date_gmt":"2024-01-10T14:31:00","guid":{"rendered":"https:\/\/testes.monstrosecompanhia.com\/proteger\/?page_id=776"},"modified":"2024-04-10T16:22:56","modified_gmt":"2024-04-10T16:22:56","slug":"programa","status":"publish","type":"page","link":"https:\/\/edicoes.proteger.pt\/2024\/programa\/","title":{"rendered":"Programa"},"content":{"rendered":"\t\t<div data-elementor-type=\"wp-post\" data-elementor-id=\"776\" class=\"elementor elementor-776\">\n\t\t\t\t<div class=\"elementor-element elementor-element-4ae152e e-con-full e-flex e-con e-parent\" data-id=\"4ae152e\" data-element_type=\"container\" data-settings=\"{&quot;background_background&quot;:&quot;classic&quot;,&quot;jet_parallax_layout_list&quot;:[]}\">\n\t\t\t\t<div class=\"elementor-element elementor-element-e984b9c elementor-invisible elementor-widget elementor-widget-heading\" data-id=\"e984b9c\" data-element_type=\"widget\" data-settings=\"{&quot;_animation&quot;:&quot;fadeInUp&quot;}\" data-widget_type=\"heading.default\">\n\t\t\t\t<div class=\"elementor-widget-container\">\n\t\t\t\t\t<h1 class=\"elementor-heading-title elementor-size-default\">Programa<\/h1>\t\t\t\t<\/div>\n\t\t\t\t<\/div>\n\t\t\t\t<\/div>\n\t\t<div class=\"elementor-element elementor-element-213d4db e-flex e-con-boxed e-con e-parent\" data-id=\"213d4db\" data-element_type=\"container\" data-settings=\"{&quot;jet_parallax_layout_list&quot;:[]}\">\n\t\t\t\t\t<div class=\"e-con-inner\">\n\t\t<div class=\"elementor-element elementor-element-55345de e-flex e-con-boxed elementor-invisible e-con e-child\" data-id=\"55345de\" data-element_type=\"container\" data-settings=\"{&quot;jet_parallax_layout_list&quot;:[],&quot;animation&quot;:&quot;fadeInUp&quot;}\">\n\t\t\t\t\t<div class=\"e-con-inner\">\n\t\t<div class=\"elementor-element elementor-element-b2919ec e-con-full e-flex e-con e-child\" data-id=\"b2919ec\" data-element_type=\"container\" data-settings=\"{&quot;jet_parallax_layout_list&quot;:[]}\">\n\t\t\t\t<div class=\"elementor-element elementor-element-e694dc0 elementor-widget elementor-widget-text-editor\" data-id=\"e694dc0\" data-element_type=\"widget\" data-widget_type=\"text-editor.default\">\n\t\t\t\t<div class=\"elementor-widget-container\">\n\t\t\t\t\t\t\t\t\t<p>O que pode esperar<\/p>\t\t\t\t\t\t\t\t<\/div>\n\t\t\t\t<\/div>\n\t\t\t\t<div class=\"elementor-element elementor-element-746bcc4 elementor-widget elementor-widget-heading\" data-id=\"746bcc4\" data-element_type=\"widget\" data-widget_type=\"heading.default\">\n\t\t\t\t<div class=\"elementor-widget-container\">\n\t\t\t\t\t<h1 class=\"elementor-heading-title elementor-size-default\">Programa<\/h1>\t\t\t\t<\/div>\n\t\t\t\t<\/div>\n\t\t\t\t<div class=\"elementor-element elementor-element-f6f660c elementor-widget-divider--view-line elementor-widget elementor-widget-divider\" data-id=\"f6f660c\" data-element_type=\"widget\" data-widget_type=\"divider.default\">\n\t\t\t\t<div class=\"elementor-widget-container\">\n\t\t\t\t\t\t\t<div class=\"elementor-divider\">\n\t\t\t<span class=\"elementor-divider-separator\">\n\t\t\t\t\t\t<\/span>\n\t\t<\/div>\n\t\t\t\t\t\t<\/div>\n\t\t\t\t<\/div>\n\t\t\t\t<div class=\"elementor-element elementor-element-71390f8 elementor-widget elementor-widget-text-editor\" data-id=\"71390f8\" data-element_type=\"widget\" data-widget_type=\"text-editor.default\">\n\t\t\t\t<div class=\"elementor-widget-container\">\n\t\t\t\t\t\t\t\t\t<p>Descubra o programa que preparamos para si, que conta com interven\u00e7\u00f5es de renome e tem\u00e1ticas emergentes.<\/p>\t\t\t\t\t\t\t\t<\/div>\n\t\t\t\t<\/div>\n\t\t\t\t<\/div>\n\t\t\t\t\t<\/div>\n\t\t\t\t<\/div>\n\t\t\t\t\t<\/div>\n\t\t\t\t<\/div>\n\t\t<div class=\"elementor-element elementor-element-0882a66 e-flex e-con-boxed e-con e-parent\" data-id=\"0882a66\" data-element_type=\"container\" data-settings=\"{&quot;jet_parallax_layout_list&quot;:[]}\">\n\t\t\t\t\t<div class=\"e-con-inner\">\n\t\t\t\t<div class=\"elementor-element elementor-element-5939971 elementor-invisible elementor-widget elementor-widget-jet-tabs\" data-id=\"5939971\" data-element_type=\"widget\" data-settings=\"{&quot;_animation&quot;:&quot;fadeInUp&quot;,&quot;tabs_position&quot;:&quot;top&quot;,&quot;no_active_tabs&quot;:&quot;false&quot;}\" data-widget_type=\"jet-tabs.default\">\n\t\t\t\t<div class=\"elementor-widget-container\">\n\t\t\t\t\t\n\t\t<div class=\"jet-tabs jet-tabs-position-top jet-tabs-move-up-effect \" data-settings=\"{&quot;activeIndex&quot;:0,&quot;event&quot;:&quot;click&quot;,&quot;autoSwitch&quot;:false,&quot;autoSwitchDelay&quot;:3000,&quot;ajaxTemplate&quot;:false,&quot;tabsPosition&quot;:&quot;top&quot;,&quot;switchScrolling&quot;:false,&quot;switchScrollingOffset&quot;:0}\">\n\t\t\t<div class=\"jet-tabs__control-wrapper \" role=\"tablist\">\n                                    <div id=\"jet-tabs-control-9351\" class=\"jet-tabs__control jet-tabs__control-icon-left elementor-menu-anchor active-tab \" data-tab=\"1\" tabindex=\"0\" role=\"tab\" aria-controls=\"jet-tabs-content-9351\" aria-expanded=\"true\" data-template-id=\"794\"><div class=\"jet-tabs__control-inner\"><div class=\"jet-tabs__label-text\">Dia 10<\/div><\/div><\/div><div id=\"jet-tabs-control-9352\" class=\"jet-tabs__control jet-tabs__control-icon-left elementor-menu-anchor  \" data-tab=\"2\" tabindex=\"0\" role=\"tab\" aria-controls=\"jet-tabs-content-9352\" aria-expanded=\"false\" data-template-id=\"809\"><div class=\"jet-tabs__control-inner\"><div class=\"jet-tabs__label-text\">Dia 11<\/div><\/div><\/div>\n                    \t\t\t    <\/div>\n\t\t\t<div class=\"jet-tabs__content-wrapper\">\n\t\t\t\t<div id=\"jet-tabs-content-9351\" class=\"jet-tabs__content active-content\" data-tab=\"1\" role=\"tabpanel\" aria-hidden=\"false\" data-template-id=\"794\">\t\t<div data-elementor-type=\"container\" data-elementor-id=\"794\" class=\"elementor elementor-794\">\n\t\t\t\t<div class=\"elementor-element elementor-element-2d6d705 e-flex e-con-boxed e-con e-parent\" data-id=\"2d6d705\" data-element_type=\"container\" data-settings=\"{&quot;jet_parallax_layout_list&quot;:[]}\">\n\t\t\t\t\t<div class=\"e-con-inner\">\n\t\t\t\t<div class=\"elementor-element elementor-element-f574e0a elementor-widget elementor-widget-text-editor\" data-id=\"f574e0a\" data-element_type=\"widget\" data-widget_type=\"text-editor.default\">\n\t\t\t\t<div class=\"elementor-widget-container\">\n\t\t\t\t\t\t\t\t\t<p>08:30<br \/><strong>Credencia\u00e7\u00e3o<\/strong><\/p>\t\t\t\t\t\t\t\t<\/div>\n\t\t\t\t<\/div>\n\t\t\t\t\t<\/div>\n\t\t\t\t<\/div>\n\t\t<div class=\"elementor-element elementor-element-e54e149 e-flex e-con-boxed e-con e-parent\" data-id=\"e54e149\" data-element_type=\"container\" data-settings=\"{&quot;jet_parallax_layout_list&quot;:[]}\">\n\t\t\t\t\t<div class=\"e-con-inner\">\n\t\t<div class=\"elementor-element elementor-element-0e686c5 e-con-full e-flex e-con e-child\" data-id=\"0e686c5\" data-element_type=\"container\" data-settings=\"{&quot;jet_parallax_layout_list&quot;:[],&quot;background_background&quot;:&quot;classic&quot;}\">\n\t\t\t\t<div class=\"elementor-element elementor-element-ff36932 elementor-widget elementor-widget-heading\" data-id=\"ff36932\" data-element_type=\"widget\" data-widget_type=\"heading.default\">\n\t\t\t\t<div class=\"elementor-widget-container\">\n\t\t\t\t\t<h2 class=\"elementor-heading-title elementor-size-default\">Audit\u00f3rio APSEI<\/h2>\t\t\t\t<\/div>\n\t\t\t\t<\/div>\n\t\t\t\t<div class=\"elementor-element elementor-element-c3ccee9 elementor-widget elementor-widget-image\" data-id=\"c3ccee9\" data-element_type=\"widget\" data-widget_type=\"image.default\">\n\t\t\t\t<div class=\"elementor-widget-container\">\n\t\t\t\t\t\t\t\t\t\t\t\t\t\t\t<img decoding=\"async\" src=\"https:\/\/edicoes.proteger.pt\/2024\/wp-content\/uploads\/2024\/01\/Linha-programa.svg\" title=\"Linha programa\" alt=\"Linha programa\" loading=\"lazy\" \/>\t\t\t\t\t\t\t\t\t\t\t\t\t\t\t<\/div>\n\t\t\t\t<\/div>\n\t\t\t\t<div class=\"elementor-element elementor-element-8d6f0db elementor-widget elementor-widget-text-editor\" data-id=\"8d6f0db\" data-element_type=\"widget\" data-widget_type=\"text-editor.default\">\n\t\t\t\t<div class=\"elementor-widget-container\">\n\t\t\t\t\t\t\t\t\t<p>10:00 \u2013 10:30<br \/><a href=\"https:\/\/edicoes.proteger.pt\/2024\/wearables-ia-aplicada-a-sst\/\" target=\"_blank\" rel=\"noopener\"><strong style=\"color: #12b1a4;\">Wearables &amp; IA Aplicada \u00e0 SST<\/strong><\/a><\/p>\t\t\t\t\t\t\t\t<\/div>\n\t\t\t\t<\/div>\n\t\t\t\t<div class=\"elementor-element elementor-element-eb2833c elementor-widget elementor-widget-text-editor\" data-id=\"eb2833c\" data-element_type=\"widget\" data-widget_type=\"text-editor.default\">\n\t\t\t\t<div class=\"elementor-widget-container\">\n\t\t\t\t\t\t\t\t\t<p>\u00bb Susana Rodrigues (INESC-TEC)<br \/>\u00bb Duarte Dias (INESC-TEC)<\/p>\t\t\t\t\t\t\t\t<\/div>\n\t\t\t\t<\/div>\n\t\t\t\t<div class=\"elementor-element elementor-element-15defb1 elementor-widget elementor-widget-text-editor\" data-id=\"15defb1\" data-element_type=\"widget\" data-widget_type=\"text-editor.default\">\n\t\t\t\t<div class=\"elementor-widget-container\">\n\t\t\t\t\t\t\t\t\t<p>10:30 \u2013 10:45<br \/><span style=\"color: #12b1a4;\">Pausa<\/span><\/p>\t\t\t\t\t\t\t\t<\/div>\n\t\t\t\t<\/div>\n\t\t\t\t<div class=\"elementor-element elementor-element-c80dcfb elementor-widget elementor-widget-text-editor\" data-id=\"c80dcfb\" data-element_type=\"widget\" data-widget_type=\"text-editor.default\">\n\t\t\t\t<div class=\"elementor-widget-container\">\n\t\t\t\t\t\t\t\t\t<p>10:45 \u2013 12:00<br \/><a href=\"https:\/\/edicoes.proteger.pt\/2024\/debate-trabalhar-em-seguranca-na-era-digital\/\" target=\"_blank\" rel=\"noopener\"><strong style=\"color: #12b1a4;\">Debate: Trabalhar em Seguran\u00e7a na Era Digital<\/strong><\/a><\/p>\t\t\t\t\t\t\t\t<\/div>\n\t\t\t\t<\/div>\n\t\t\t\t<div class=\"elementor-element elementor-element-cf86d77 elementor-widget elementor-widget-text-editor\" data-id=\"cf86d77\" data-element_type=\"widget\" data-widget_type=\"text-editor.default\">\n\t\t\t\t<div class=\"elementor-widget-container\">\n\t\t\t\t\t\t\t\t\t<p>\u00bb Modera\u00e7\u00e3o: Em\u00edlia Telo (ACT | EU-OSHA)<br \/>\u00bb Oradores:<br \/>Jo\u00e3o Areosa (Instituto Polit\u00e9cnico de Set\u00fabal)<br \/>Jos\u00e9 Magalh\u00e3es (Instituto de Tecnologia Comportamental | INTEC)<br \/>Ana Paula Rosa (Organiza\u00e7\u00e3o Internacional do Trabalho | ILO)<\/p>\t\t\t\t\t\t\t\t<\/div>\n\t\t\t\t<\/div>\n\t\t\t\t<div class=\"elementor-element elementor-element-cdb42dd elementor-widget__width-initial elementor-widget elementor-widget-text-editor\" data-id=\"cdb42dd\" data-element_type=\"widget\" data-widget_type=\"text-editor.default\">\n\t\t\t\t<div class=\"elementor-widget-container\">\n\t\t\t\t\t\t\t\t\t<p>12:45 \u2013 14:30<br \/><span style=\"color: #12b1a4;\">Almo\u00e7o<\/span><\/p>\t\t\t\t\t\t\t\t<\/div>\n\t\t\t\t<\/div>\n\t\t\t\t<div class=\"elementor-element elementor-element-41089ac elementor-widget elementor-widget-text-editor\" data-id=\"41089ac\" data-element_type=\"widget\" data-widget_type=\"text-editor.default\">\n\t\t\t\t<div class=\"elementor-widget-container\">\n\t\t\t\t\t\t\t\t\t<p>14:30 \u2013 15:00<br \/><a href=\"https:\/\/edicoes.proteger.pt\/2024\/conclusions-and-consequences-of-the-grenfell-tower-fire\/\" target=\"_blank\" rel=\"noopener\"><strong style=\"color: #12b1a4;\">Conclusions and Consequences of the Grenfell Tower Fire<\/strong><\/a><\/p>\t\t\t\t\t\t\t\t<\/div>\n\t\t\t\t<\/div>\n\t\t\t\t<div class=\"elementor-element elementor-element-3742ff4 elementor-widget elementor-widget-text-editor\" data-id=\"3742ff4\" data-element_type=\"widget\" data-widget_type=\"text-editor.default\">\n\t\t\t\t<div class=\"elementor-widget-container\">\n\t\t\t\t\t\t\t\t\t<p>\u00bb Jose Torero (UCL University)<\/p>\t\t\t\t\t\t\t\t<\/div>\n\t\t\t\t<\/div>\n\t\t\t\t<div class=\"elementor-element elementor-element-29e8de0 elementor-widget elementor-widget-text-editor\" data-id=\"29e8de0\" data-element_type=\"widget\" data-widget_type=\"text-editor.default\">\n\t\t\t\t<div class=\"elementor-widget-container\">\n\t\t\t\t\t\t\t\t\t<p>15:00 \u2013 15:30<br \/><a href=\"https:\/\/edicoes.proteger.pt\/2024\/anuario-de-scie-2023\/\" target=\"_blank\" rel=\"noopener\"><strong style=\"color: #12b1a4;\">Anu\u00e1rio de SCIE 2023<\/strong><\/a><\/p>\t\t\t\t\t\t\t\t<\/div>\n\t\t\t\t<\/div>\n\t\t\t\t<div class=\"elementor-element elementor-element-b6ccd52 elementor-widget elementor-widget-text-editor\" data-id=\"b6ccd52\" data-element_type=\"widget\" data-widget_type=\"text-editor.default\">\n\t\t\t\t<div class=\"elementor-widget-container\">\n\t\t\t\t\t\t\t\t\t<p><em>\u00bb <\/em>Pedro Barbosa (Autoridade Nacional de Emerg\u00eancia e Prote\u00e7\u00e3o Civil | ANEPC)<\/p>\t\t\t\t\t\t\t\t<\/div>\n\t\t\t\t<\/div>\n\t\t\t\t<div class=\"elementor-element elementor-element-8f25ea1 elementor-widget elementor-widget-text-editor\" data-id=\"8f25ea1\" data-element_type=\"widget\" data-widget_type=\"text-editor.default\">\n\t\t\t\t<div class=\"elementor-widget-container\">\n\t\t\t\t\t\t\t\t\t<p>15:30 \u2013 15:45<br \/><span style=\"color: #12b1a4;\">Pausa<\/span><\/p>\t\t\t\t\t\t\t\t<\/div>\n\t\t\t\t<\/div>\n\t\t\t\t<div class=\"elementor-element elementor-element-4e5f2f2 elementor-widget elementor-widget-text-editor\" data-id=\"4e5f2f2\" data-element_type=\"widget\" data-widget_type=\"text-editor.default\">\n\t\t\t\t<div class=\"elementor-widget-container\">\n\t\t\t\t\t\t\t\t\t<p>15:45 \u2013 17:00<br \/><a href=\"https:\/\/edicoes.proteger.pt\/2024\/debate-sustentabilidade-e-a-seguranca-contra-incendios\/\" target=\"_blank\" rel=\"noopener\"><strong style=\"color: #12b1a4;\">Debate: Sustentabilidade e a Seguran\u00e7a contra Inc\u00eandios<\/strong><\/a><\/p>\t\t\t\t\t\t\t\t<\/div>\n\t\t\t\t<\/div>\n\t\t\t\t<div class=\"elementor-element elementor-element-0266823 elementor-widget elementor-widget-text-editor\" data-id=\"0266823\" data-element_type=\"widget\" data-widget_type=\"text-editor.default\">\n\t\t\t\t<div class=\"elementor-widget-container\">\n\t\t\t\t\t\t\t\t\t<p>\u00bb Modera\u00e7\u00e3o: Paulo Ramos (ETU &#8211; Fire Safety Consultants)<br \/>\u00bb Oradores:<br \/>Pedro Lopes (Escola Nacional de Bombeiros | ENB)<br \/>Liliana Soares (CBRE)<br \/>Elisabete Cordeiro (Laborat\u00f3rio Nacional de Engenharia Civil | LNEC)<\/p>\t\t\t\t\t\t\t\t<\/div>\n\t\t\t\t<\/div>\n\t\t\t\t<\/div>\n\t\t<div class=\"elementor-element elementor-element-d1f382d e-con-full e-flex e-con e-child\" data-id=\"d1f382d\" data-element_type=\"container\" data-settings=\"{&quot;jet_parallax_layout_list&quot;:[],&quot;background_background&quot;:&quot;classic&quot;}\">\n\t\t\t\t<div class=\"elementor-element elementor-element-e6c8c6e elementor-widget elementor-widget-heading\" data-id=\"e6c8c6e\" data-element_type=\"widget\" data-widget_type=\"heading.default\">\n\t\t\t\t<div class=\"elementor-widget-container\">\n\t\t\t\t\t<h2 class=\"elementor-heading-title elementor-size-default\">Audit\u00f3rio PROTEGER<\/h2>\t\t\t\t<\/div>\n\t\t\t\t<\/div>\n\t\t\t\t<div class=\"elementor-element elementor-element-2f55dc3 elementor-widget elementor-widget-image\" data-id=\"2f55dc3\" data-element_type=\"widget\" data-widget_type=\"image.default\">\n\t\t\t\t<div class=\"elementor-widget-container\">\n\t\t\t\t\t\t\t\t\t\t\t\t\t\t\t<img decoding=\"async\" src=\"https:\/\/edicoes.proteger.pt\/2024\/wp-content\/uploads\/2024\/01\/Linha-programa.svg\" title=\"Linha programa\" alt=\"Linha programa\" loading=\"lazy\" \/>\t\t\t\t\t\t\t\t\t\t\t\t\t\t\t<\/div>\n\t\t\t\t<\/div>\n\t\t\t\t<div class=\"elementor-element elementor-element-3026b32 elementor-widget elementor-widget-text-editor\" data-id=\"3026b32\" data-element_type=\"widget\" data-widget_type=\"text-editor.default\">\n\t\t\t\t<div class=\"elementor-widget-container\">\n\t\t\t\t\t\t\t\t\t<p>10:15<br \/><strong style=\"color: #12b1a4;\">Abertura do Evento<br \/><\/strong><\/p>\t\t\t\t\t\t\t\t<\/div>\n\t\t\t\t<\/div>\n\t\t\t\t<div class=\"elementor-element elementor-element-b78b018 elementor-widget elementor-widget-text-editor\" data-id=\"b78b018\" data-element_type=\"widget\" data-widget_type=\"text-editor.default\">\n\t\t\t\t<div class=\"elementor-widget-container\">\n\t\t\t\t\t\t\t\t\t<p>\u00bb Dr. Carlos Dias (Presidente da APSEI)<\/p>\t\t\t\t\t\t\t\t<\/div>\n\t\t\t\t<\/div>\n\t\t\t\t<div class=\"elementor-element elementor-element-4e8bc10 elementor-widget elementor-widget-text-editor\" data-id=\"4e8bc10\" data-element_type=\"widget\" data-widget_type=\"text-editor.default\">\n\t\t\t\t<div class=\"elementor-widget-container\">\n\t\t\t\t\t\t\t\t\t<p>10:30 \u2013 11:00<\/p>\t\t\t\t\t\t\t\t<\/div>\n\t\t\t\t<\/div>\n\t\t\t\t<div class=\"elementor-element elementor-element-811dd72 elementor-widget elementor-widget-text-editor\" data-id=\"811dd72\" data-element_type=\"widget\" data-widget_type=\"text-editor.default\">\n\t\t\t\t<div class=\"elementor-widget-container\">\n\t\t\t\t\t\t\t\t\t<p><a href=\"https:\/\/edicoes.proteger.pt\/2024\/normas-inteligentes-na-era-digital\/\" target=\"_blank\" rel=\"noopener\"><strong style=\"color: #12b1a4;\">Normas Inteligentes na Era Digital\u00a0\u00a0<\/strong><\/a><\/p>\t\t\t\t\t\t\t\t<\/div>\n\t\t\t\t<\/div>\n\t\t\t\t<div class=\"elementor-element elementor-element-d801599 elementor-widget elementor-widget-text-editor\" data-id=\"d801599\" data-element_type=\"widget\" data-widget_type=\"text-editor.default\">\n\t\t\t\t<div class=\"elementor-widget-container\">\n\t\t\t\t\t\t\t\t\t<p>\u00bb Maria Jo\u00e3o Gra\u00e7a (Instituto Portugu\u00eas da Qualidade | IPQ)<\/p>\t\t\t\t\t\t\t\t<\/div>\n\t\t\t\t<\/div>\n\t\t\t\t<div class=\"elementor-element elementor-element-cd6ed20 elementor-widget elementor-widget-text-editor\" data-id=\"cd6ed20\" data-element_type=\"widget\" data-widget_type=\"text-editor.default\">\n\t\t\t\t<div class=\"elementor-widget-container\">\n\t\t\t\t\t\t\t\t\t<p>11:00 \u2013 11:15<br \/><span style=\"color: #12b1a4;\">Pausa<\/span><\/p>\t\t\t\t\t\t\t\t<\/div>\n\t\t\t\t<\/div>\n\t\t\t\t<div class=\"elementor-element elementor-element-fd50296 elementor-widget elementor-widget-text-editor\" data-id=\"fd50296\" data-element_type=\"widget\" data-widget_type=\"text-editor.default\">\n\t\t\t\t<div class=\"elementor-widget-container\">\n\t\t\t\t\t\t\t\t\t<p>11:15 \u2013 12:00<br \/><a href=\"https:\/\/edicoes.proteger.pt\/2024\/delivering-leadership-in-standardization\/\" target=\"_blank\" rel=\"noopener\"><strong style=\"color: #12b1a4;\">Delivering leadership in standardization<\/strong><\/a><\/p>\t\t\t\t\t\t\t\t<\/div>\n\t\t\t\t<\/div>\n\t\t\t\t<div class=\"elementor-element elementor-element-34c0de0 elementor-widget elementor-widget-text-editor\" data-id=\"34c0de0\" data-element_type=\"widget\" data-widget_type=\"text-editor.default\">\n\t\t\t\t<div class=\"elementor-widget-container\">\n\t\t\t\t\t\t\t\t\t<p>\u00bb Jon Koenz (EURALARM)<\/p>\t\t\t\t\t\t\t\t<\/div>\n\t\t\t\t<\/div>\n\t\t\t\t<div class=\"elementor-element elementor-element-d755da3 elementor-widget elementor-widget-text-editor\" data-id=\"d755da3\" data-element_type=\"widget\" data-widget_type=\"text-editor.default\">\n\t\t\t\t<div class=\"elementor-widget-container\">\n\t\t\t\t\t\t\t\t\t<p>12:00 \u2013 12:15<br \/><span style=\"color: #12b1a4;\">Pausa<\/span><\/p>\t\t\t\t\t\t\t\t<\/div>\n\t\t\t\t<\/div>\n\t\t\t\t<div class=\"elementor-element elementor-element-f2b2cec elementor-widget elementor-widget-text-editor\" data-id=\"f2b2cec\" data-element_type=\"widget\" data-widget_type=\"text-editor.default\">\n\t\t\t\t<div class=\"elementor-widget-container\">\n\t\t\t\t\t\t\t\t\t<p>12:15<\/p>\t\t\t\t\t\t\t\t<\/div>\n\t\t\t\t<\/div>\n\t\t\t\t<div class=\"elementor-element elementor-element-6844935 elementor-widget elementor-widget-text-editor\" data-id=\"6844935\" data-element_type=\"widget\" data-widget_type=\"text-editor.default\">\n\t\t\t\t<div class=\"elementor-widget-container\">\n\t\t\t\t\t\t\t\t\t<p><strong style=\"color: #12b1a4;\">Sess\u00e3o Solene<\/strong><\/p>\t\t\t\t\t\t\t\t<\/div>\n\t\t\t\t<\/div>\n\t\t\t\t<div class=\"elementor-element elementor-element-92830c3 elementor-widget elementor-widget-text-editor\" data-id=\"92830c3\" data-element_type=\"widget\" data-widget_type=\"text-editor.default\">\n\t\t\t\t<div class=\"elementor-widget-container\">\n\t\t\t\t\t\t\t\t\t<p>\u00bb Dr. Nelson Ferreira (Subinspetor-Geral da ACT)<br \/>\u00bb Brigadeiro-General Duarte Costa (Presidente da ANEPC)<br \/>\u00bb Dr. Pedro Morais Soares (Presidente da Junta de Freguesia Cascais Estoril)<br \/>\u00bb Dr. Carlos Dias (Presidente da APSEI)<\/p>\t\t\t\t\t\t\t\t<\/div>\n\t\t\t\t<\/div>\n\t\t\t\t<div class=\"elementor-element elementor-element-8ccbb1e elementor-widget__width-initial elementor-widget elementor-widget-text-editor\" data-id=\"8ccbb1e\" data-element_type=\"widget\" data-widget_type=\"text-editor.default\">\n\t\t\t\t<div class=\"elementor-widget-container\">\n\t\t\t\t\t\t\t\t\t<p>12:45 \u2013 14:30<br \/><span style=\"color: #12b1a4;\">Almo\u00e7o<\/span><\/p>\t\t\t\t\t\t\t\t<\/div>\n\t\t\t\t<\/div>\n\t\t\t\t<div class=\"elementor-element elementor-element-5b64caf elementor-widget elementor-widget-text-editor\" data-id=\"5b64caf\" data-element_type=\"widget\" data-widget_type=\"text-editor.default\">\n\t\t\t\t<div class=\"elementor-widget-container\">\n\t\t\t\t\t\t\t\t\t<p>14:30 \u2013 15:15<\/p>\t\t\t\t\t\t\t\t<\/div>\n\t\t\t\t<\/div>\n\t\t\t\t<div class=\"elementor-element elementor-element-25811ec elementor-widget elementor-widget-text-editor\" data-id=\"25811ec\" data-element_type=\"widget\" data-widget_type=\"text-editor.default\">\n\t\t\t\t<div class=\"elementor-widget-container\">\n\t\t\t\t\t\t\t\t\t<p><a href=\"https:\/\/edicoes.proteger.pt\/2024\/cultura-de-seguranca-modelos-de-avaliacao\/\" target=\"_blank\" rel=\"noopener\"><strong style=\"color: #12b1a4;\">Cultura de Seguran\u00e7a &#8211; Modelos de Avalia\u00e7\u00e3o<\/strong><\/a><\/p>\t\t\t\t\t\t\t\t<\/div>\n\t\t\t\t<\/div>\n\t\t\t\t<div class=\"elementor-element elementor-element-b51bc2c elementor-widget elementor-widget-text-editor\" data-id=\"b51bc2c\" data-element_type=\"widget\" data-widget_type=\"text-editor.default\">\n\t\t\t\t<div class=\"elementor-widget-container\">\n\t\t\t\t\t\t\t\t\t<p><em>\u00bb <\/em>Vera Dinis<\/p>\t\t\t\t\t\t\t\t<\/div>\n\t\t\t\t<\/div>\n\t\t\t\t<div class=\"elementor-element elementor-element-b8fd213 elementor-widget elementor-widget-text-editor\" data-id=\"b8fd213\" data-element_type=\"widget\" data-widget_type=\"text-editor.default\">\n\t\t\t\t<div class=\"elementor-widget-container\">\n\t\t\t\t\t\t\t\t\t<p>15:15 \u2013 16:00<\/p>\t\t\t\t\t\t\t\t<\/div>\n\t\t\t\t<\/div>\n\t\t\t\t<div class=\"elementor-element elementor-element-a574be9 elementor-widget elementor-widget-text-editor\" data-id=\"a574be9\" data-element_type=\"widget\" data-widget_type=\"text-editor.default\">\n\t\t\t\t<div class=\"elementor-widget-container\">\n\t\t\t\t\t\t\t\t\t<p><a href=\"https:\/\/edicoes.proteger.pt\/2024\/apresentacao-projeto-efti4eu\/\" target=\"_blank\" rel=\"noopener\"><strong>Projeto eFTI4EU<\/strong><\/a><\/p>\t\t\t\t\t\t\t\t<\/div>\n\t\t\t\t<\/div>\n\t\t\t\t<div class=\"elementor-element elementor-element-b878235 elementor-widget elementor-widget-text-editor\" data-id=\"b878235\" data-element_type=\"widget\" data-widget_type=\"text-editor.default\">\n\t\t\t\t<div class=\"elementor-widget-container\">\n\t\t\t\t\t\t\t\t\t<p>\u00bb&nbsp;Eva Killar (Mobility Development and Investments Department from Ministry of Climate of Estonia)<br>\u00bb&nbsp;Rui Velasco Martins (Instituto da Mobilidade e dos Transportes, I.P. | IMT)<\/p>\t\t\t\t\t\t\t\t<\/div>\n\t\t\t\t<\/div>\n\t\t\t\t<div class=\"elementor-element elementor-element-06829a3 elementor-widget elementor-widget-text-editor\" data-id=\"06829a3\" data-element_type=\"widget\" data-widget_type=\"text-editor.default\">\n\t\t\t\t<div class=\"elementor-widget-container\">\n\t\t\t\t\t\t\t\t\t<p>16:00 \u2013 16:15<br \/><span style=\"color: #12b1a4;\">Pausa<\/span><\/p>\t\t\t\t\t\t\t\t<\/div>\n\t\t\t\t<\/div>\n\t\t\t\t<div class=\"elementor-element elementor-element-4e3bede elementor-widget elementor-widget-text-editor\" data-id=\"4e3bede\" data-element_type=\"widget\" data-widget_type=\"text-editor.default\">\n\t\t\t\t<div class=\"elementor-widget-container\">\n\t\t\t\t\t\t\t\t\t<p>16:15 \u2013 17:00<\/p>\t\t\t\t\t\t\t\t<\/div>\n\t\t\t\t<\/div>\n\t\t\t\t<div class=\"elementor-element elementor-element-fe3a9fa elementor-widget elementor-widget-text-editor\" data-id=\"fe3a9fa\" data-element_type=\"widget\" data-widget_type=\"text-editor.default\">\n\t\t\t\t<div class=\"elementor-widget-container\">\n\t\t\t\t\t\t\t\t\t<p><a href=\"https:\/\/edicoes.proteger.pt\/2024\/evacuacao-e-prevencao-de-pessoas-surdoscegos-em-catastrofes-naturais\/\" target=\"_blank\" rel=\"noopener\"><strong style=\"color: #12b1a4;\">Evacua\u00e7\u00e3o e Preven\u00e7\u00e3o de popula\u00e7\u00f5es surdas e surdocegos em Cat\u00e1strofes Naturais<\/strong><\/a><\/p>\t\t\t\t\t\t\t\t<\/div>\n\t\t\t\t<\/div>\n\t\t\t\t<div class=\"elementor-element elementor-element-3cd34ae elementor-widget elementor-widget-text-editor\" data-id=\"3cd34ae\" data-element_type=\"widget\" data-widget_type=\"text-editor.default\">\n\t\t\t\t<div class=\"elementor-widget-container\">\n\t\t\t\t\t\t\t\t\t<p>\u00bb Jo\u00e3o Gomes (Federa\u00e7\u00e3o Mundial de L\u00ednguas Gestuais | FMLG)<\/p>\t\t\t\t\t\t\t\t<\/div>\n\t\t\t\t<\/div>\n\t\t\t\t<\/div>\n\t\t<div class=\"elementor-element elementor-element-b76b845 e-con-full e-flex e-con e-child\" data-id=\"b76b845\" data-element_type=\"container\" data-settings=\"{&quot;jet_parallax_layout_list&quot;:[],&quot;background_background&quot;:&quot;classic&quot;}\">\n\t\t\t\t<div class=\"elementor-element elementor-element-171acbb elementor-widget elementor-widget-heading\" data-id=\"171acbb\" data-element_type=\"widget\" data-widget_type=\"heading.default\">\n\t\t\t\t<div class=\"elementor-widget-container\">\n\t\t\t\t\t<h2 class=\"elementor-heading-title elementor-size-default\">Workshops<\/h2>\t\t\t\t<\/div>\n\t\t\t\t<\/div>\n\t\t\t\t<div class=\"elementor-element elementor-element-a859c81 elementor-widget elementor-widget-image\" data-id=\"a859c81\" data-element_type=\"widget\" data-widget_type=\"image.default\">\n\t\t\t\t<div class=\"elementor-widget-container\">\n\t\t\t\t\t\t\t\t\t\t\t\t\t\t\t<img decoding=\"async\" src=\"https:\/\/edicoes.proteger.pt\/2024\/wp-content\/uploads\/2024\/01\/Linha-programa.svg\" title=\"Linha programa\" alt=\"Linha programa\" loading=\"lazy\" \/>\t\t\t\t\t\t\t\t\t\t\t\t\t\t\t<\/div>\n\t\t\t\t<\/div>\n\t\t\t\t<div class=\"elementor-element elementor-element-7491439 elementor-widget__width-initial elementor-widget elementor-widget-text-editor\" data-id=\"7491439\" data-element_type=\"widget\" data-widget_type=\"text-editor.default\">\n\t\t\t\t<div class=\"elementor-widget-container\">\n\t\t\t\t\t\t\t\t\t<p>09:30 \u2013 12:30 | Sala 1<br \/><a href=\"https:\/\/edicoes.proteger.pt\/2024\/workshop-controlo-de-fumo-exigencias-e-aplicacao-na-scie\/\" target=\"_blank\" rel=\"noopener\"><strong style=\"color: #12b1a4;\">Controlo de Fumo &#8211; Exig\u00eancias e Aplica\u00e7\u00e3o na SCIE<\/strong><\/a><\/p>\t\t\t\t\t\t\t\t<\/div>\n\t\t\t\t<\/div>\n\t\t\t\t<div class=\"elementor-element elementor-element-8274bab elementor-widget elementor-widget-text-editor\" data-id=\"8274bab\" data-element_type=\"widget\" data-widget_type=\"text-editor.default\">\n\t\t\t\t<div class=\"elementor-widget-container\">\n\t\t\t\t\t\t\t\t\t<p>\u00bb Marco Miguel (ATIVA &#8211; Engenharia de Seguran\u00e7a)<\/p>\t\t\t\t\t\t\t\t<\/div>\n\t\t\t\t<\/div>\n\t\t\t\t<div class=\"elementor-element elementor-element-ff9aa65 elementor-widget elementor-widget-text-editor\" data-id=\"ff9aa65\" data-element_type=\"widget\" data-widget_type=\"text-editor.default\">\n\t\t\t\t<div class=\"elementor-widget-container\">\n\t\t\t\t\t\t\t\t\t<p>10:30 \u2013 12:30 | Sala 2<br \/><a href=\"https:\/\/edicoes.proteger.pt\/2024\/workshop-protecao-passiva-mitigacao-de-incendios-desde-a-fase-de-projeto\/\" target=\"_blank\" rel=\"noopener\"><strong style=\"color: #12b1a4;\">Prote\u00e7\u00e3o Passiva: Mitiga\u00e7\u00e3o de Inc\u00eandios desde a Fase de Projeto<\/strong><\/a><\/p>\t\t\t\t\t\t\t\t<\/div>\n\t\t\t\t<\/div>\n\t\t\t\t<div class=\"elementor-element elementor-element-4b62fce elementor-widget elementor-widget-text-editor\" data-id=\"4b62fce\" data-element_type=\"widget\" data-widget_type=\"text-editor.default\">\n\t\t\t\t<div class=\"elementor-widget-container\">\n\t\t\t\t\t\t\t\t\t<p>\u00bb Lilian Ciconello (Associa\u00e7\u00e3o Brasileira de Prote\u00e7\u00e3o Passiva | ABPP)<\/p>\t\t\t\t\t\t\t\t<\/div>\n\t\t\t\t<\/div>\n\t\t\t\t<div class=\"elementor-element elementor-element-922a309 elementor-widget elementor-widget-text-editor\" data-id=\"922a309\" data-element_type=\"widget\" data-widget_type=\"text-editor.default\">\n\t\t\t\t<div class=\"elementor-widget-container\">\n\t\t\t\t\t\t\t\t\t<p>14:30 \u2013 16:30 | Sala 1<br \/><a href=\"https:\/\/edicoes.proteger.pt\/2024\/workshop-gestao-de-residuos-de-equipamentos-eletricos-e-eletronicos-reee\/\" target=\"_blank\" rel=\"noopener\"><strong style=\"color: #12b1a4;\">Gest\u00e3o de Res\u00edduos de Equipamentos El\u00e9tricos e Eletr\u00f3nicos (REEE)<\/strong><\/a>\u00a0&#8211; <strong><em>Gratuito<\/em><\/strong><\/p>\t\t\t\t\t\t\t\t<\/div>\n\t\t\t\t<\/div>\n\t\t\t\t<div class=\"elementor-element elementor-element-b5f11f1 elementor-widget elementor-widget-text-editor\" data-id=\"b5f11f1\" data-element_type=\"widget\" data-widget_type=\"text-editor.default\">\n\t\t\t\t<div class=\"elementor-widget-container\">\n\t\t\t\t\t\t\t\t\t<p>\u00bb Mafalda Mota&nbsp;(Ag\u00eancia Portuguesa do Ambiente | APA)<\/p>\t\t\t\t\t\t\t\t<\/div>\n\t\t\t\t<\/div>\n\t\t\t\t<div class=\"elementor-element elementor-element-15eb3f6 elementor-widget elementor-widget-text-editor\" data-id=\"15eb3f6\" data-element_type=\"widget\" data-widget_type=\"text-editor.default\">\n\t\t\t\t<div class=\"elementor-widget-container\">\n\t\t\t\t\t\t\t\t\t<p>14:30 \u2013 17:30 | Sala 2<br \/><a href=\"https:\/\/edicoes.proteger.pt\/2024\/workshop-a-certificacao-e-o-desafio-da-sustentabilidade\/\" target=\"_blank\" rel=\"noopener\"><strong style=\"color: #12b1a4;\">A Certifica\u00e7\u00e3o e o Desafio da Sustentabilidade<\/strong><\/a><\/p>\t\t\t\t\t\t\t\t<\/div>\n\t\t\t\t<\/div>\n\t\t\t\t<div class=\"elementor-element elementor-element-3d0a87c elementor-widget elementor-widget-text-editor\" data-id=\"3d0a87c\" data-element_type=\"widget\" data-widget_type=\"text-editor.default\">\n\t\t\t\t<div class=\"elementor-widget-container\">\n\t\t\t\t\t\t\t\t\t<p>\u00bb Ana Marques (Bureau Veritas)<\/p>\t\t\t\t\t\t\t\t<\/div>\n\t\t\t\t<\/div>\n\t\t\t\t<\/div>\n\t\t\t\t\t<\/div>\n\t\t\t\t<\/div>\n\t\t<div class=\"elementor-element elementor-element-067e4df e-flex e-con-boxed e-con e-parent\" data-id=\"067e4df\" data-element_type=\"container\" data-settings=\"{&quot;jet_parallax_layout_list&quot;:[]}\">\n\t\t\t\t\t<div class=\"e-con-inner\">\n\t\t\t\t<div class=\"elementor-element elementor-element-af6fd07 elementor-widget elementor-widget-text-editor\" data-id=\"af6fd07\" data-element_type=\"widget\" data-widget_type=\"text-editor.default\">\n\t\t\t\t<div class=\"elementor-widget-container\">\n\t\t\t\t\t\t\t\t\t<p>18:30 \u2013 20:30<br \/><strong>Networking cocktail<\/strong><\/p>\t\t\t\t\t\t\t\t<\/div>\n\t\t\t\t<\/div>\n\t\t\t\t\t<\/div>\n\t\t\t\t<\/div>\n\t\t\t\t<\/div>\n\t\t<\/div><div id=\"jet-tabs-content-9352\" class=\"jet-tabs__content \" data-tab=\"2\" role=\"tabpanel\" aria-hidden=\"true\" data-template-id=\"809\">\t\t<div data-elementor-type=\"container\" data-elementor-id=\"809\" class=\"elementor elementor-809\">\n\t\t\t\t<div class=\"elementor-element elementor-element-11b0d88 e-flex e-con-boxed e-con e-parent\" data-id=\"11b0d88\" data-element_type=\"container\" data-settings=\"{&quot;jet_parallax_layout_list&quot;:[]}\">\n\t\t\t\t\t<div class=\"e-con-inner\">\n\t\t\t\t<div class=\"elementor-element elementor-element-0c797b7 elementor-widget elementor-widget-text-editor\" data-id=\"0c797b7\" data-element_type=\"widget\" data-widget_type=\"text-editor.default\">\n\t\t\t\t<div class=\"elementor-widget-container\">\n\t\t\t\t\t\t\t\t\t<p>08:30<br \/><strong>Credencia\u00e7\u00e3o<\/strong><\/p>\t\t\t\t\t\t\t\t<\/div>\n\t\t\t\t<\/div>\n\t\t\t\t\t<\/div>\n\t\t\t\t<\/div>\n\t\t<div class=\"elementor-element elementor-element-e54e149 e-con-full e-flex e-con e-parent\" data-id=\"e54e149\" data-element_type=\"container\" data-settings=\"{&quot;jet_parallax_layout_list&quot;:[]}\">\n\t\t<div class=\"elementor-element elementor-element-6d455df e-con-full e-flex e-con e-child\" data-id=\"6d455df\" data-element_type=\"container\" data-settings=\"{&quot;jet_parallax_layout_list&quot;:[],&quot;background_background&quot;:&quot;classic&quot;}\">\n\t\t\t\t<div class=\"elementor-element elementor-element-6f08595 elementor-widget elementor-widget-heading\" data-id=\"6f08595\" data-element_type=\"widget\" data-widget_type=\"heading.default\">\n\t\t\t\t<div class=\"elementor-widget-container\">\n\t\t\t\t\t<h2 class=\"elementor-heading-title elementor-size-default\">Audit\u00f3rio APSEI<\/h2>\t\t\t\t<\/div>\n\t\t\t\t<\/div>\n\t\t\t\t<div class=\"elementor-element elementor-element-72e88ae elementor-widget elementor-widget-image\" data-id=\"72e88ae\" data-element_type=\"widget\" data-widget_type=\"image.default\">\n\t\t\t\t<div class=\"elementor-widget-container\">\n\t\t\t\t\t\t\t\t\t\t\t\t\t\t\t<img decoding=\"async\" src=\"https:\/\/edicoes.proteger.pt\/2024\/wp-content\/uploads\/2024\/01\/Linha-programa.svg\" title=\"Linha programa\" alt=\"Linha programa\" loading=\"lazy\" \/>\t\t\t\t\t\t\t\t\t\t\t\t\t\t\t<\/div>\n\t\t\t\t<\/div>\n\t\t\t\t<div class=\"elementor-element elementor-element-0cff2e2 elementor-widget elementor-widget-text-editor\" data-id=\"0cff2e2\" data-element_type=\"widget\" data-widget_type=\"text-editor.default\">\n\t\t\t\t<div class=\"elementor-widget-container\">\n\t\t\t\t\t\t\t\t\t<p>09:30 \u2013 10:00<br \/><a href=\"https:\/\/edicoes.proteger.pt\/2024\/seguranca-eletronica-e-inteligencia-artificial-desafios-eticos-na-seguranca-publica\/\" target=\"_blank\" rel=\"noopener\"><strong style=\"color: #12b1a4;\">Seguran\u00e7a Eletr\u00f3nica e Intelig\u00eancia Artificial: Desafios \u00c9ticos na Seguran\u00e7a P\u00fablica<\/strong><\/a><\/p>\t\t\t\t\t\t\t\t<\/div>\n\t\t\t\t<\/div>\n\t\t\t\t<div class=\"elementor-element elementor-element-0a0830e elementor-widget elementor-widget-text-editor\" data-id=\"0a0830e\" data-element_type=\"widget\" data-widget_type=\"text-editor.default\">\n\t\t\t\t<div class=\"elementor-widget-container\">\n\t\t\t\t\t\t\t\t\t<p>\u00bb Jo\u00e3o Ribeiro (Departamento de Informa\u00e7\u00f5es Policiais da PSP)<\/p>\t\t\t\t\t\t\t\t<\/div>\n\t\t\t\t<\/div>\n\t\t\t\t<div class=\"elementor-element elementor-element-606d840 elementor-widget elementor-widget-text-editor\" data-id=\"606d840\" data-element_type=\"widget\" data-widget_type=\"text-editor.default\">\n\t\t\t\t<div class=\"elementor-widget-container\">\n\t\t\t\t\t\t\t\t\t<p>10:00 \u2013 10:30<br \/><a href=\"https:\/\/edicoes.proteger.pt\/2024\/drones-enquanto-ameaca-a-seguranca\/\" target=\"_blank\" rel=\"noopener\"><strong style=\"color: #12b1a4;\">Drones enquanto Amea\u00e7a \u00e0 Seguran\u00e7a <\/strong><\/a><\/p>\t\t\t\t\t\t\t\t<\/div>\n\t\t\t\t<\/div>\n\t\t\t\t<div class=\"elementor-element elementor-element-57eac1a elementor-widget elementor-widget-text-editor\" data-id=\"57eac1a\" data-element_type=\"widget\" data-widget_type=\"text-editor.default\">\n\t\t\t\t<div class=\"elementor-widget-container\">\n\t\t\t\t\t\t\t\t\t<p>\u00bb Adriano Magalh\u00e3es (Unidade Especial de Pol\u00edcia)<\/p>\t\t\t\t\t\t\t\t<\/div>\n\t\t\t\t<\/div>\n\t\t\t\t<div class=\"elementor-element elementor-element-9c626f3 elementor-widget elementor-widget-text-editor\" data-id=\"9c626f3\" data-element_type=\"widget\" data-widget_type=\"text-editor.default\">\n\t\t\t\t<div class=\"elementor-widget-container\">\n\t\t\t\t\t\t\t\t\t<p>10:30 \u2013 10:45<br \/><span style=\"color: #12b1a4;\">Pausa<\/span><\/p>\t\t\t\t\t\t\t\t<\/div>\n\t\t\t\t<\/div>\n\t\t\t\t<div class=\"elementor-element elementor-element-309d734 elementor-widget elementor-widget-text-editor\" data-id=\"309d734\" data-element_type=\"widget\" data-widget_type=\"text-editor.default\">\n\t\t\t\t<div class=\"elementor-widget-container\">\n\t\t\t\t\t\t\t\t\t<p>10:45 \u2013 12:00<br \/><a href=\"https:\/\/edicoes.proteger.pt\/2024\/debate-videovigilanica-na-via-publica\/\"><strong style=\"color: #12b1a4;\">Debate: Videovigil\u00e2ncia na Via P\u00fablica<\/strong><\/a><\/p>\t\t\t\t\t\t\t\t<\/div>\n\t\t\t\t<\/div>\n\t\t\t\t<div class=\"elementor-element elementor-element-772b73b elementor-widget elementor-widget-text-editor\" data-id=\"772b73b\" data-element_type=\"widget\" data-widget_type=\"text-editor.default\">\n\t\t\t\t<div class=\"elementor-widget-container\">\n\t\t\t\t\t\t\t\t\t<p>\u00bb Modera\u00e7\u00e3o: <em>A indicar<\/em> (Departamento de Seguran\u00e7a Privada da PSP)<\/p>\n<p>\u00bb Oradores:<br>Jos\u00e9 Ferreira (Comando Metropolitano da PSP do Porto)<br>Domingos Antunes (Comando Distrital da PSP de Leiria)<br>Renato Neto (Comando Distrital da PSP de Coimbra)<\/p>\t\t\t\t\t\t\t\t<\/div>\n\t\t\t\t<\/div>\n\t\t\t\t<div class=\"elementor-element elementor-element-6a000f7 elementor-widget__width-initial elementor-widget elementor-widget-text-editor\" data-id=\"6a000f7\" data-element_type=\"widget\" data-widget_type=\"text-editor.default\">\n\t\t\t\t<div class=\"elementor-widget-container\">\n\t\t\t\t\t\t\t\t\t<p>12:45 \u2013 14:30<br \/><span style=\"color: #12b1a4;\">Almo\u00e7o<\/span><\/p>\t\t\t\t\t\t\t\t<\/div>\n\t\t\t\t<\/div>\n\t\t\t\t<div class=\"elementor-element elementor-element-3195b5c elementor-widget elementor-widget-text-editor\" data-id=\"3195b5c\" data-element_type=\"widget\" data-widget_type=\"text-editor.default\">\n\t\t\t\t<div class=\"elementor-widget-container\">\n\t\t\t\t\t\t\t\t\t<p>14:30 \u2013 15:00<br \/><a href=\"https:\/\/edicoes.proteger.pt\/2024\/transporte-de-explosivos-o-sistema-de-gestao-de-transporte-de-armas-municoes-e-explosivos-sigestame\/\" target=\"_blank\" rel=\"noopener\"><strong style=\"color: #12b1a4;\">Transporte de Explosivos: o Sistema de Gest\u00e3o de Transporte de Armas, Muni\u00e7\u00f5es e Explosivos (SIGESTAME)<\/strong><\/a><\/p>\t\t\t\t\t\t\t\t<\/div>\n\t\t\t\t<\/div>\n\t\t\t\t<div class=\"elementor-element elementor-element-5860540 elementor-widget elementor-widget-text-editor\" data-id=\"5860540\" data-element_type=\"widget\" data-widget_type=\"text-editor.default\">\n\t\t\t\t<div class=\"elementor-widget-container\">\n\t\t\t\t\t\t\t\t\t<p>\u00bb Paulo Costa (Divis\u00e3o de Investiga\u00e7\u00e3o e Fiscaliza\u00e7\u00e3o do Departamento de Armas e Explosivos)<\/p>\t\t\t\t\t\t\t\t<\/div>\n\t\t\t\t<\/div>\n\t\t\t\t<div class=\"elementor-element elementor-element-f528373 elementor-widget elementor-widget-text-editor\" data-id=\"f528373\" data-element_type=\"widget\" data-widget_type=\"text-editor.default\">\n\t\t\t\t<div class=\"elementor-widget-container\">\n\t\t\t\t\t\t\t\t\t<p>15:00 \u2013 15:30<br \/><a href=\"https:\/\/edicoes.proteger.pt\/2024\/transporte-de-mercadorias-perigosas-em-tuneis\/\" target=\"_blank\" rel=\"noopener\"><strong style=\"color: #12b1a4;\">Transporte de Mercadorias Perigosas em T\u00faneis<\/strong><\/a><\/p>\t\t\t\t\t\t\t\t<\/div>\n\t\t\t\t<\/div>\n\t\t\t\t<div class=\"elementor-element elementor-element-5b1f7be elementor-widget elementor-widget-text-editor\" data-id=\"5b1f7be\" data-element_type=\"widget\" data-widget_type=\"text-editor.default\">\n\t\t\t\t<div class=\"elementor-widget-container\">\n\t\t\t\t\t\t\t\t\t<p>\u00bb Jorge Saraiva (Din\u00e2mica Aplicada)<\/p>\t\t\t\t\t\t\t\t<\/div>\n\t\t\t\t<\/div>\n\t\t\t\t<div class=\"elementor-element elementor-element-dbbe6ee elementor-widget elementor-widget-text-editor\" data-id=\"dbbe6ee\" data-element_type=\"widget\" data-widget_type=\"text-editor.default\">\n\t\t\t\t<div class=\"elementor-widget-container\">\n\t\t\t\t\t\t\t\t\t<p>15:30 \u2013 15:45<br \/><span style=\"color: #12b1a4;\">Pausa<\/span><\/p>\t\t\t\t\t\t\t\t<\/div>\n\t\t\t\t<\/div>\n\t\t\t\t<div class=\"elementor-element elementor-element-5db6bbb elementor-widget elementor-widget-text-editor\" data-id=\"5db6bbb\" data-element_type=\"widget\" data-widget_type=\"text-editor.default\">\n\t\t\t\t<div class=\"elementor-widget-container\">\n\t\t\t\t\t\t\t\t\t<p>15:45 \u2013 17:00<br \/><a href=\"https:\/\/edicoes.proteger.pt\/2024\/debate-transporte-de-residuos-caracterizados-como-mercadorias-perigosas\/\" target=\"_blank\" rel=\"noopener\"><strong style=\"color: #12b1a4;\">Debate: Transporte de Res\u00edduos Caracterizados como Mercadorias Perigosas <\/strong><\/a><\/p>\t\t\t\t\t\t\t\t<\/div>\n\t\t\t\t<\/div>\n\t\t\t\t<div class=\"elementor-element elementor-element-ab9d0a5 elementor-widget elementor-widget-text-editor\" data-id=\"ab9d0a5\" data-element_type=\"widget\" data-widget_type=\"text-editor.default\">\n\t\t\t\t<div class=\"elementor-widget-container\">\n\t\t\t\t\t\t\t\t\t<p>\u00bb Modera\u00e7\u00e3o: Jo\u00e3o Cez\u00edlia (Tutorial)<\/p><p>\u00bb Oradores:<br \/>Carmen Dur\u00e3o (EGEO)<br \/>Isabel Galhardo Morais (N\u00facleo Aut\u00f3nomo de Mercadorias Perigosas da APSEI | NAMP)<br \/>Rui Cabral (GVB &#8211; Gest\u00e3o e Valoriza\u00e7\u00e3o de Baterias)<br \/>Ant\u00f3nio Machado (VLM)<\/p>\t\t\t\t\t\t\t\t<\/div>\n\t\t\t\t<\/div>\n\t\t\t\t<\/div>\n\t\t<div class=\"elementor-element elementor-element-61f22cc e-con-full e-flex e-con e-child\" data-id=\"61f22cc\" data-element_type=\"container\" data-settings=\"{&quot;jet_parallax_layout_list&quot;:[],&quot;background_background&quot;:&quot;classic&quot;}\">\n\t\t\t\t<div class=\"elementor-element elementor-element-5c957b1 elementor-widget elementor-widget-heading\" data-id=\"5c957b1\" data-element_type=\"widget\" data-widget_type=\"heading.default\">\n\t\t\t\t<div class=\"elementor-widget-container\">\n\t\t\t\t\t<h2 class=\"elementor-heading-title elementor-size-default\">Audit\u00f3rio PROTEGER<\/h2>\t\t\t\t<\/div>\n\t\t\t\t<\/div>\n\t\t\t\t<div class=\"elementor-element elementor-element-d9e8f9c elementor-widget elementor-widget-image\" data-id=\"d9e8f9c\" data-element_type=\"widget\" data-widget_type=\"image.default\">\n\t\t\t\t<div class=\"elementor-widget-container\">\n\t\t\t\t\t\t\t\t\t\t\t\t\t\t\t<img decoding=\"async\" src=\"https:\/\/edicoes.proteger.pt\/2024\/wp-content\/uploads\/2024\/01\/Linha-programa.svg\" title=\"Linha programa\" alt=\"Linha programa\" loading=\"lazy\" \/>\t\t\t\t\t\t\t\t\t\t\t\t\t\t\t<\/div>\n\t\t\t\t<\/div>\n\t\t\t\t<div class=\"elementor-element elementor-element-d74733e elementor-widget elementor-widget-text-editor\" data-id=\"d74733e\" data-element_type=\"widget\" data-widget_type=\"text-editor.default\">\n\t\t\t\t<div class=\"elementor-widget-container\">\n\t\t\t\t\t\t\t\t\t<p><span style=\"text-decoration: underline;\"><strong>CANCELADO<\/strong><\/span><\/p><p>10:00 \u2013 10:45<br \/><strong style=\"color: #12b1a4;\">State of the art in reaction to fire of facade systems and roofs with photovoltaic panels<br \/><\/strong><\/p>\t\t\t\t\t\t\t\t<\/div>\n\t\t\t\t<\/div>\n\t\t\t\t<div class=\"elementor-element elementor-element-35e974d elementor-widget elementor-widget-text-editor\" data-id=\"35e974d\" data-element_type=\"widget\" data-widget_type=\"text-editor.default\">\n\t\t\t\t<div class=\"elementor-widget-container\">\n\t\t\t\t\t\t\t\t\t<p>\u00bb Antonio Galan (Kingspan)<\/p>\t\t\t\t\t\t\t\t<\/div>\n\t\t\t\t<\/div>\n\t\t\t\t<div class=\"elementor-element elementor-element-4dd8e40 elementor-widget elementor-widget-text-editor\" data-id=\"4dd8e40\" data-element_type=\"widget\" data-widget_type=\"text-editor.default\">\n\t\t\t\t<div class=\"elementor-widget-container\">\n\t\t\t\t\t\t\t\t\t<p><span style=\"text-decoration: underline;\"><strong>CANCELADO<\/strong><\/span><\/p><p>10:00 \u2013 10:45<br \/><strong style=\"color: #12b1a4;\">Comparative fire tests to<br \/>investigate te contribution of PIR &amp; Mineral wool (MW) thermal insulation products to the fire performance of flat roofs under PV systems<\/strong><\/p>\t\t\t\t\t\t\t\t<\/div>\n\t\t\t\t<\/div>\n\t\t\t\t<div class=\"elementor-element elementor-element-3eed0ce elementor-widget elementor-widget-text-editor\" data-id=\"3eed0ce\" data-element_type=\"widget\" data-widget_type=\"text-editor.default\">\n\t\t\t\t<div class=\"elementor-widget-container\">\n\t\t\t\t\t\t\t\t\t<p>\u00bb Antonio Galan (On behalf of PU<br \/>Europe)<\/p>\t\t\t\t\t\t\t\t<\/div>\n\t\t\t\t<\/div>\n\t\t\t\t<div class=\"elementor-element elementor-element-02aaa11 elementor-widget elementor-widget-text-editor\" data-id=\"02aaa11\" data-element_type=\"widget\" data-widget_type=\"text-editor.default\">\n\t\t\t\t<div class=\"elementor-widget-container\">\n\t\t\t\t\t\t\t\t\t<p>11:15 \u2013 12:00<br \/><a href=\"https:\/\/edicoes.proteger.pt\/2024\/the-use-of-virtual-reality-for-occupational-safety-and-fire-protection-project-presentations-and-current-challenges\/\"><strong style=\"color: #12b1a4;\">The use of virtual reality for occupational safety and fire protection: project presentations and current challenges\u00a0<\/strong><\/a><\/p>\t\t\t\t\t\t\t\t<\/div>\n\t\t\t\t<\/div>\n\t\t\t\t<div class=\"elementor-element elementor-element-432428a elementor-widget elementor-widget-text-editor\" data-id=\"432428a\" data-element_type=\"widget\" data-widget_type=\"text-editor.default\">\n\t\t\t\t<div class=\"elementor-widget-container\">\n\t\t\t\t\t\t\t\t\t<p>\u00bb Alena Lochmannov\u00e1 (Faculty of Health Care Studies | XR Institute)<\/p>\t\t\t\t\t\t\t\t<\/div>\n\t\t\t\t<\/div>\n\t\t\t\t<div class=\"elementor-element elementor-element-7118532 elementor-widget elementor-widget-text-editor\" data-id=\"7118532\" data-element_type=\"widget\" data-widget_type=\"text-editor.default\">\n\t\t\t\t<div class=\"elementor-widget-container\">\n\t\t\t\t\t\t\t\t\t<p>12:00 \u2013 12:15<br \/><span style=\"color: #12b1a4;\">Pausa<\/span><\/p>\t\t\t\t\t\t\t\t<\/div>\n\t\t\t\t<\/div>\n\t\t\t\t<div class=\"elementor-element elementor-element-fda6bf4 elementor-widget elementor-widget-text-editor\" data-id=\"fda6bf4\" data-element_type=\"widget\" data-widget_type=\"text-editor.default\">\n\t\t\t\t<div class=\"elementor-widget-container\">\n\t\t\t\t\t\t\t\t\t<p>12:15<br \/><span style=\"color: #12b1a4;\"><b>Sess\u00e3o Solene<\/b><\/span><\/p>\t\t\t\t\t\t\t\t<\/div>\n\t\t\t\t<\/div>\n\t\t\t\t<div class=\"elementor-element elementor-element-02bb112 elementor-widget elementor-widget-text-editor\" data-id=\"02bb112\" data-element_type=\"widget\" data-widget_type=\"text-editor.default\">\n\t\t\t\t<div class=\"elementor-widget-container\">\n\t\t\t\t\t\t\t\t\t<p>\u00bb\u00a0<span style=\"color: var( --e-global-color-text ); letter-spacing: 0px;\">Prof. Dr. Jo\u00e3o Jesus Caetano (Presidente do IMT, I. P.)<\/span><br \/><span style=\"color: var( --e-global-color-text ); letter-spacing: 0px;\">\u00bb\u00a0<\/span><span style=\"color: var( --e-global-color-text ); letter-spacing: 0px;\">Superintendente-Chefe Jos\u00e9 Barros Correia (Diretor Nacional da PSP)<\/span><br \/>\u00bb Dr. Carlos Carreiras (Presidente da C\u00e2mara Municipal de Cascais)<br \/>\u00bb Dr. Carlos Dias (Presidente da APSEI)<\/p>\t\t\t\t\t\t\t\t<\/div>\n\t\t\t\t<\/div>\n\t\t\t\t<div class=\"elementor-element elementor-element-6643376 elementor-widget__width-initial elementor-widget elementor-widget-text-editor\" data-id=\"6643376\" data-element_type=\"widget\" data-widget_type=\"text-editor.default\">\n\t\t\t\t<div class=\"elementor-widget-container\">\n\t\t\t\t\t\t\t\t\t<p>12:45 \u2013 14:30<br \/><span style=\"color: #12b1a4;\">Almo\u00e7o<\/span><\/p>\t\t\t\t\t\t\t\t<\/div>\n\t\t\t\t<\/div>\n\t\t\t\t<div class=\"elementor-element elementor-element-60756b4 elementor-widget elementor-widget-text-editor\" data-id=\"60756b4\" data-element_type=\"widget\" data-widget_type=\"text-editor.default\">\n\t\t\t\t<div class=\"elementor-widget-container\">\n\t\t\t\t\t\t\t\t\t<p>14:30 \u2013 15:15<br \/><a href=\"https:\/\/edicoes.proteger.pt\/2024\/lithium-ion-battery-fires\/\" target=\"_blank\" rel=\"noopener\"><span style=\"color: #12b1a4;\"><b>Lithium-Ion Battery Fires<\/b><\/span><\/a><\/p>\t\t\t\t\t\t\t\t<\/div>\n\t\t\t\t<\/div>\n\t\t\t\t<div class=\"elementor-element elementor-element-e75109c elementor-widget elementor-widget-text-editor\" data-id=\"e75109c\" data-element_type=\"widget\" data-widget_type=\"text-editor.default\">\n\t\t\t\t<div class=\"elementor-widget-container\">\n\t\t\t\t\t\t\t\t\t<p>\u00bb John Briggs (CFPA-EUROPE)<\/p>\t\t\t\t\t\t\t\t<\/div>\n\t\t\t\t<\/div>\n\t\t\t\t<div class=\"elementor-element elementor-element-4ba4599 elementor-widget elementor-widget-text-editor\" data-id=\"4ba4599\" data-element_type=\"widget\" data-widget_type=\"text-editor.default\">\n\t\t\t\t<div class=\"elementor-widget-container\">\n\t\t\t\t\t\t\t\t\t<p>15:15 \u2013 16:00<br \/><a href=\"https:\/\/edicoes.proteger.pt\/2024\/fire-safety-for-tall-buildings-a-prespective-from-the-uk\/\"><strong style=\"color: #12b1a4;\">Fire Safety for Tall Buildings &#8211; A perspective from the UK<\/strong><\/a><\/p>\t\t\t\t\t\t\t\t<\/div>\n\t\t\t\t<\/div>\n\t\t\t\t<div class=\"elementor-element elementor-element-710d2fb elementor-widget elementor-widget-text-editor\" data-id=\"710d2fb\" data-element_type=\"widget\" data-widget_type=\"text-editor.default\">\n\t\t\t\t<div class=\"elementor-widget-container\">\n\t\t\t\t\t\t\t\t\t\u00bb Karl Wallasch (Trigon Fire Safety Engineering)\t\t\t\t\t\t\t\t<\/div>\n\t\t\t\t<\/div>\n\t\t\t\t<div class=\"elementor-element elementor-element-a857852 elementor-widget elementor-widget-text-editor\" data-id=\"a857852\" data-element_type=\"widget\" data-widget_type=\"text-editor.default\">\n\t\t\t\t<div class=\"elementor-widget-container\">\n\t\t\t\t\t\t\t\t\t<p>16:00 \u2013 16:15<br \/><span style=\"color: #12b1a4;\">Pausa<\/span><\/p>\t\t\t\t\t\t\t\t<\/div>\n\t\t\t\t<\/div>\n\t\t\t\t<div class=\"elementor-element elementor-element-4b03372 elementor-widget elementor-widget-text-editor\" data-id=\"4b03372\" data-element_type=\"widget\" data-widget_type=\"text-editor.default\">\n\t\t\t\t<div class=\"elementor-widget-container\">\n\t\t\t\t\t\t\t\t\t<p>16:15 \u2013 17:00<br \/><a href=\"https:\/\/edicoes.proteger.pt\/2024\/rgpd-codigo-do-trabalho-e-gestao-de-pessoas\/\" target=\"_blank\" rel=\"noopener\"><span style=\"color: #12b1a4;\"><b>RGPD, C\u00f3digo do Trabalho e Gest\u00e3o de Pessoas<\/b><\/span><\/a><\/p>\t\t\t\t\t\t\t\t<\/div>\n\t\t\t\t<\/div>\n\t\t\t\t<div class=\"elementor-element elementor-element-c914145 elementor-widget elementor-widget-text-editor\" data-id=\"c914145\" data-element_type=\"widget\" data-widget_type=\"text-editor.default\">\n\t\t\t\t<div class=\"elementor-widget-container\">\n\t\t\t\t\t\t\t\t\t<p>\u00bb Ant\u00f3nio Teixeira\u00a0<\/p>\t\t\t\t\t\t\t\t<\/div>\n\t\t\t\t<\/div>\n\t\t\t\t<div class=\"elementor-element elementor-element-7e2703f elementor-widget elementor-widget-text-editor\" data-id=\"7e2703f\" data-element_type=\"widget\" data-widget_type=\"text-editor.default\">\n\t\t\t\t<div class=\"elementor-widget-container\">\n\t\t\t\t\t\t\t\t\t<p>17:00 \u2013 17:15<br \/><span style=\"color: #12b1a4;\">Pausa<\/span><\/p>\t\t\t\t\t\t\t\t<\/div>\n\t\t\t\t<\/div>\n\t\t<div class=\"elementor-element elementor-element-7496f30 e-flex e-con-boxed e-con e-child\" data-id=\"7496f30\" data-element_type=\"container\" data-settings=\"{&quot;background_background&quot;:&quot;classic&quot;,&quot;jet_parallax_layout_list&quot;:[]}\">\n\t\t\t\t\t<div class=\"e-con-inner\">\n\t\t\t\t<div class=\"elementor-element elementor-element-575926e elementor-widget elementor-widget-text-editor\" data-id=\"575926e\" data-element_type=\"widget\" data-widget_type=\"text-editor.default\">\n\t\t\t\t<div class=\"elementor-widget-container\">\n\t\t\t\t\t\t\t\t\t17:15 \u2013 18:00<br>\n<a href=\"https:\/\/edicoes.proteger.pt\/2024\/keynote-speaker\/\" style=\"color:#FFF;\"><strong>Keynote Speaker<\/strong><\/a>\t\t\t\t\t\t\t\t<\/div>\n\t\t\t\t<\/div>\n\t\t\t\t<div class=\"elementor-element elementor-element-5c674d5 elementor-widget elementor-widget-text-editor\" data-id=\"5c674d5\" data-element_type=\"widget\" data-widget_type=\"text-editor.default\">\n\t\t\t\t<div class=\"elementor-widget-container\">\n\t\t\t\t\t\t\t\t\t<p>\u00bb <em>Louren\u00e7o Medeiros<\/em><\/p>\t\t\t\t\t\t\t\t<\/div>\n\t\t\t\t<\/div>\n\t\t\t\t\t<\/div>\n\t\t\t\t<\/div>\n\t\t\t\t<div class=\"elementor-element elementor-element-35791f3 elementor-widget elementor-widget-text-editor\" data-id=\"35791f3\" data-element_type=\"widget\" data-widget_type=\"text-editor.default\">\n\t\t\t\t<div class=\"elementor-widget-container\">\n\t\t\t\t\t\t\t\t\t<p>18:00\u00a0<br \/><strong><span style=\"color: #12b1a4;\">Encerramento do Evento<br \/><\/span><\/strong><\/p>\t\t\t\t\t\t\t\t<\/div>\n\t\t\t\t<\/div>\n\t\t\t\t<div class=\"elementor-element elementor-element-07f973f elementor-widget elementor-widget-text-editor\" data-id=\"07f973f\" data-element_type=\"widget\" data-widget_type=\"text-editor.default\">\n\t\t\t\t<div class=\"elementor-widget-container\">\n\t\t\t\t\t\t\t\t\t<p>\u00bb Dr. Carlos Dias (Presidente da APSEI)<\/p>\t\t\t\t\t\t\t\t<\/div>\n\t\t\t\t<\/div>\n\t\t\t\t<\/div>\n\t\t<div class=\"elementor-element elementor-element-b07c0ec e-con-full e-flex e-con e-child\" data-id=\"b07c0ec\" data-element_type=\"container\" data-settings=\"{&quot;jet_parallax_layout_list&quot;:[],&quot;background_background&quot;:&quot;classic&quot;}\">\n\t\t\t\t<div class=\"elementor-element elementor-element-b150f92 elementor-widget elementor-widget-heading\" data-id=\"b150f92\" data-element_type=\"widget\" data-widget_type=\"heading.default\">\n\t\t\t\t<div class=\"elementor-widget-container\">\n\t\t\t\t\t<h2 class=\"elementor-heading-title elementor-size-default\">Workshops<\/h2>\t\t\t\t<\/div>\n\t\t\t\t<\/div>\n\t\t\t\t<div class=\"elementor-element elementor-element-d428d7a elementor-widget elementor-widget-image\" data-id=\"d428d7a\" data-element_type=\"widget\" data-widget_type=\"image.default\">\n\t\t\t\t<div class=\"elementor-widget-container\">\n\t\t\t\t\t\t\t\t\t\t\t\t\t\t\t<img decoding=\"async\" src=\"https:\/\/edicoes.proteger.pt\/2024\/wp-content\/uploads\/2024\/01\/Linha-programa.svg\" title=\"Linha programa\" alt=\"Linha programa\" loading=\"lazy\" \/>\t\t\t\t\t\t\t\t\t\t\t\t\t\t\t<\/div>\n\t\t\t\t<\/div>\n\t\t\t\t<div class=\"elementor-element elementor-element-3de282b elementor-widget elementor-widget-text-editor\" data-id=\"3de282b\" data-element_type=\"widget\" data-widget_type=\"text-editor.default\">\n\t\t\t\t<div class=\"elementor-widget-container\">\n\t\t\t\t\t\t\t\t\t<p>09:30 \u2013 12:30 | Sala 2<br \/><a href=\"https:\/\/edicoes.proteger.pt\/2024\/workshop-sustentabilidade-ambiental-e-scie\/\" target=\"_blank\" rel=\"noopener\"><strong style=\"color: #12b1a4;\">Sustentabilidade Ambiental e SCIE<\/strong><\/a><\/p>\t\t\t\t\t\t\t\t<\/div>\n\t\t\t\t<\/div>\n\t\t\t\t<div class=\"elementor-element elementor-element-314373b elementor-widget elementor-widget-text-editor\" data-id=\"314373b\" data-element_type=\"widget\" data-widget_type=\"text-editor.default\">\n\t\t\t\t<div class=\"elementor-widget-container\">\n\t\t\t\t\t\t\t\t\t<p>\u00bb Paulo Ramos (SFPE-Portugal)<\/p>\t\t\t\t\t\t\t\t<\/div>\n\t\t\t\t<\/div>\n\t\t\t\t<div class=\"elementor-element elementor-element-716f42f elementor-widget elementor-widget-text-editor\" data-id=\"716f42f\" data-element_type=\"widget\" data-widget_type=\"text-editor.default\">\n\t\t\t\t<div class=\"elementor-widget-container\">\n\t\t\t\t\t\t\t\t\t<p>10:00 \u2013 12:00 | Sala 1<br \/><a href=\"https:\/\/edicoes.proteger.pt\/2024\/workshop-classificacao-das-substancias-perigosas-segundo-o-ghs-e-os-criterios-dos-regulamentos-de-transporte-de-mercadorias-perigosas\/\" target=\"_blank\" rel=\"noopener\"><strong style=\"color: #12b1a4;\">Classifica\u00e7\u00e3o das Subst\u00e2ncias e Misturas Perigosas segundo o GHS e os Crit\u00e9rios dos Regulamentos de Transporte de Mercadorias Perigosas<\/strong><\/a><\/p>\t\t\t\t\t\t\t\t<\/div>\n\t\t\t\t<\/div>\n\t\t\t\t<div class=\"elementor-element elementor-element-27c74ec elementor-widget elementor-widget-text-editor\" data-id=\"27c74ec\" data-element_type=\"widget\" data-widget_type=\"text-editor.default\">\n\t\t\t\t<div class=\"elementor-widget-container\">\n\t\t\t\t\t\t\t\t\t<p>\u00bb Isabel Galhardo Morais (N\u00facleo Aut\u00f3nomo de Mercadorias Perigosas da APSEI | NAMP)<\/p>\t\t\t\t\t\t\t\t<\/div>\n\t\t\t\t<\/div>\n\t\t\t\t<div class=\"elementor-element elementor-element-40e207f elementor-widget elementor-widget-text-editor\" data-id=\"40e207f\" data-element_type=\"widget\" data-widget_type=\"text-editor.default\">\n\t\t\t\t<div class=\"elementor-widget-container\">\n\t\t\t\t\t\t\t\t\t<p>14:30 \u2013 17:30 | Sala 1<br \/><a href=\"https:\/\/edicoes.proteger.pt\/2024\/workshop-prevenir-e-gerir-os-riscos-psicossociais\/\" target=\"_blank\" rel=\"noopener\"><strong style=\"color: #12b1a4;\">Prevenir e Gerir os Riscos Psicossociais <\/strong><\/a><\/p>\t\t\t\t\t\t\t\t<\/div>\n\t\t\t\t<\/div>\n\t\t\t\t<div class=\"elementor-element elementor-element-030c8b9 elementor-widget elementor-widget-text-editor\" data-id=\"030c8b9\" data-element_type=\"widget\" data-widget_type=\"text-editor.default\">\n\t\t\t\t<div class=\"elementor-widget-container\">\n\t\t\t\t\t\t\t\t\t<p>\u00bb Sandra Gon\u00e7alves (outCOme)<\/p>\t\t\t\t\t\t\t\t<\/div>\n\t\t\t\t<\/div>\n\t\t\t\t<\/div>\n\t\t\t\t<\/div>\n\t\t\t\t<\/div>\n\t\t<\/div>\t\t\t<\/div>\n\t\t\t\t\t<\/div>\n\t\t\t\t\t\t<\/div>\n\t\t\t\t<\/div>\n\t\t\t\t\t<\/div>\n\t\t\t\t<\/div>\n\t\t\t\t<\/div>\n\t\t","protected":false},"excerpt":{"rendered":"<p>Programa O que pode esperar Programa Descubra o programa que preparamos para si, que conta com interven\u00e7\u00f5es de renome e tem\u00e1ticas emergentes. Dia 10Dia 11 08:30Credencia\u00e7\u00e3o Audit\u00f3rio APSEI 10:00 \u2013 10:30Wearables &amp; IA Aplicada \u00e0 SST \u00bb Susana Rodrigues (INESC-TEC)\u00bb Duarte Dias (INESC-TEC) 10:30 \u2013 10:45Pausa 10:45 \u2013 12:00Debate: Trabalhar em Seguran\u00e7a na Era Digital [&hellip;]<\/p>\n","protected":false},"author":3,"featured_media":0,"parent":0,"menu_order":0,"comment_status":"closed","ping_status":"closed","template":"page-templates\/fullwidth-content.php","meta":{"inline_featured_image":false,"footnotes":""},"class_list":["post-776","page","type-page","status-publish","hentry"],"_links":{"self":[{"href":"https:\/\/edicoes.proteger.pt\/2024\/wp-json\/wp\/v2\/pages\/776","targetHints":{"allow":["GET"]}}],"collection":[{"href":"https:\/\/edicoes.proteger.pt\/2024\/wp-json\/wp\/v2\/pages"}],"about":[{"href":"https:\/\/edicoes.proteger.pt\/2024\/wp-json\/wp\/v2\/types\/page"}],"author":[{"embeddable":true,"href":"https:\/\/edicoes.proteger.pt\/2024\/wp-json\/wp\/v2\/users\/3"}],"replies":[{"embeddable":true,"href":"https:\/\/edicoes.proteger.pt\/2024\/wp-json\/wp\/v2\/comments?post=776"}],"version-history":[{"count":58,"href":"https:\/\/edicoes.proteger.pt\/2024\/wp-json\/wp\/v2\/pages\/776\/revisions"}],"predecessor-version":[{"id":5371,"href":"https:\/\/edicoes.proteger.pt\/2024\/wp-json\/wp\/v2\/pages\/776\/revisions\/5371"}],"wp:attachment":[{"href":"https:\/\/edicoes.proteger.pt\/2024\/wp-json\/wp\/v2\/media?parent=776"}],"curies":[{"name":"wp","href":"https:\/\/api.w.org\/{rel}","templated":true}]}}