{"id":3821,"date":"2024-03-23T17:27:31","date_gmt":"2024-03-23T17:27:31","guid":{"rendered":"https:\/\/proteger.pt\/?page_id=3821"},"modified":"2024-03-28T20:37:40","modified_gmt":"2024-03-28T20:37:40","slug":"the-use-of-virtual-reality-for-occupational-safety-and-fire-protection-project-presentations-and-current-challenges","status":"publish","type":"page","link":"https:\/\/edicoes.proteger.pt\/2024\/the-use-of-virtual-reality-for-occupational-safety-and-fire-protection-project-presentations-and-current-challenges\/","title":{"rendered":"The use of virtual reality for occupational safety and fire protection: project presentations and current challenges"},"content":{"rendered":"\t\t<div data-elementor-type=\"wp-post\" data-elementor-id=\"3821\" class=\"elementor elementor-3821\">\n\t\t\t\t<div class=\"elementor-element elementor-element-4ae152e e-con-full e-flex e-con e-parent\" data-id=\"4ae152e\" data-element_type=\"container\" data-settings=\"{&quot;background_background&quot;:&quot;classic&quot;,&quot;jet_parallax_layout_list&quot;:[]}\">\n\t\t\t\t<div class=\"elementor-element elementor-element-e984b9c elementor-invisible elementor-widget elementor-widget-heading\" data-id=\"e984b9c\" data-element_type=\"widget\" data-settings=\"{&quot;_animation&quot;:&quot;fadeInUp&quot;}\" data-widget_type=\"heading.default\">\n\t\t\t\t<div class=\"elementor-widget-container\">\n\t\t\t\t\t<h1 class=\"elementor-heading-title elementor-size-default\">Programa<\/h1>\t\t\t\t<\/div>\n\t\t\t\t<\/div>\n\t\t\t\t<\/div>\n\t\t<div class=\"elementor-element elementor-element-213d4db e-flex e-con-boxed e-con e-parent\" data-id=\"213d4db\" data-element_type=\"container\" data-settings=\"{&quot;jet_parallax_layout_list&quot;:[]}\">\n\t\t\t\t\t<div class=\"e-con-inner\">\n\t\t<div class=\"elementor-element elementor-element-55345de e-flex e-con-boxed elementor-invisible e-con e-child\" data-id=\"55345de\" data-element_type=\"container\" data-settings=\"{&quot;jet_parallax_layout_list&quot;:[],&quot;animation&quot;:&quot;fadeInUp&quot;}\">\n\t\t\t\t\t<div class=\"e-con-inner\">\n\t\t<div class=\"elementor-element elementor-element-b2919ec e-con-full e-flex e-con e-child\" data-id=\"b2919ec\" data-element_type=\"container\" data-settings=\"{&quot;jet_parallax_layout_list&quot;:[]}\">\n\t\t\t\t<div class=\"elementor-element elementor-element-3de951a elementor-widget elementor-widget-text-editor\" data-id=\"3de951a\" data-element_type=\"widget\" data-widget_type=\"text-editor.default\">\n\t\t\t\t<div class=\"elementor-widget-container\">\n\t\t\t\t\t\t\t\t\t<p>Apresenta\u00e7\u00e3o<\/p>\t\t\t\t\t\t\t\t<\/div>\n\t\t\t\t<\/div>\n\t\t\t\t<div class=\"elementor-element elementor-element-746bcc4 elementor-widget elementor-widget-heading\" data-id=\"746bcc4\" data-element_type=\"widget\" data-widget_type=\"heading.default\">\n\t\t\t\t<div class=\"elementor-widget-container\">\n\t\t\t\t\t<h1 class=\"elementor-heading-title elementor-size-default\">Sinopse<\/h1>\t\t\t\t<\/div>\n\t\t\t\t<\/div>\n\t\t\t\t<div class=\"elementor-element elementor-element-f6f660c elementor-widget-divider--view-line elementor-widget elementor-widget-divider\" data-id=\"f6f660c\" data-element_type=\"widget\" data-widget_type=\"divider.default\">\n\t\t\t\t<div class=\"elementor-widget-container\">\n\t\t\t\t\t\t\t<div class=\"elementor-divider\">\n\t\t\t<span class=\"elementor-divider-separator\">\n\t\t\t\t\t\t<\/span>\n\t\t<\/div>\n\t\t\t\t\t\t<\/div>\n\t\t\t\t<\/div>\n\t\t\t\t<div class=\"elementor-element elementor-element-71390f8 elementor-widget elementor-widget-text-editor\" data-id=\"71390f8\" data-element_type=\"widget\" data-widget_type=\"text-editor.default\">\n\t\t\t\t<div class=\"elementor-widget-container\">\n\t\t\t\t\t\t\t\t\t<p><strong>The use of virtual reality for occupational safety and fire protection: project presentations and current challenges<\/strong><\/p>\t\t\t\t\t\t\t\t<\/div>\n\t\t\t\t<\/div>\n\t\t\t\t<div class=\"elementor-element elementor-element-e2cd0be elementor-widget elementor-widget-text-editor\" data-id=\"e2cd0be\" data-element_type=\"widget\" data-widget_type=\"text-editor.default\">\n\t\t\t\t<div class=\"elementor-widget-container\">\n\t\t\t\t\t\t\t\t\t<p>A realidade virtual permite-nos preparar os colaboradores para todo o tipo de situa\u00e7\u00f5es, sejam crises que n\u00e3o podem ser simuladas de forma alguma at\u00e9 que realmente aconte\u00e7am, ou a\u00e7\u00f5es de risco no local de trabalho. O importante \u00e9 ter como objetivo criar os h\u00e1bitos corretos que ajudem a reduzir os riscos durante a o desempenho de fun\u00e7\u00f5es. Na confer\u00eancia PROTEGER, ser\u00e3o apresentados v\u00e1rios projetos que visam esta tem\u00e1tica em diferentes ambientes e contextos.<\/p>\t\t\t\t\t\t\t\t<\/div>\n\t\t\t\t<\/div>\n\t\t\t\t<\/div>\n\t\t\t\t\t<\/div>\n\t\t\t\t<\/div>\n\t\t\t\t\t<\/div>\n\t\t\t\t<\/div>\n\t\t<div class=\"elementor-element elementor-element-0882a66 e-flex e-con-boxed elementor-invisible e-con e-parent\" data-id=\"0882a66\" data-element_type=\"container\" data-settings=\"{&quot;jet_parallax_layout_list&quot;:[],&quot;animation&quot;:&quot;fadeInUp&quot;}\">\n\t\t\t\t\t<div class=\"e-con-inner\">\n\t\t\t\t\t<\/div>\n\t\t\t\t<\/div>\n\t\t<div class=\"elementor-element elementor-element-214d60d e-flex e-con-boxed elementor-invisible e-con e-parent\" data-id=\"214d60d\" data-element_type=\"container\" data-settings=\"{&quot;jet_parallax_layout_list&quot;:[],&quot;animation&quot;:&quot;fadeInUp&quot;}\">\n\t\t\t\t\t<div class=\"e-con-inner\">\n\t\t<div class=\"elementor-element elementor-element-58db9a7 e-con-full e-flex e-con e-child\" data-id=\"58db9a7\" data-element_type=\"container\" data-settings=\"{&quot;jet_parallax_layout_list&quot;:[]}\">\n\t\t\t\t<div class=\"elementor-element elementor-element-b97a713 elementor-widget elementor-widget-jet-team-member\" data-id=\"b97a713\" data-element_type=\"widget\" data-widget_type=\"jet-team-member.default\">\n\t\t\t\t<div class=\"elementor-widget-container\">\n\t\t\t\t\t<div class=\"elementor-jet-team-member jet-elements\"><div class=\"jet-team-member\">\n\t<div class=\"jet-team-member__inner\">\n\t\t\t<div class=\"jet-team-member__image\">\n\t\t\t<div class=\"jet-team-member__cover\"><\/div>\n\t\t\t<figure class=\"jet-team-member__figure\"><img fetchpriority=\"high\" decoding=\"async\" width=\"229\" height=\"234\" src=\"https:\/\/edicoes.proteger.pt\/2024\/wp-content\/uploads\/2024\/03\/momento-22_Alena-Lochmannova.jpg\" class=\"jet-team-member__img-tag\" alt=\"momento 22_Alena Lochmannov\u00e1\" \/><\/figure>\t\t<\/div>\n\t\t<div class=\"jet-team-member__content\"><h3 class=\"jet-team-member__name\"><span class=\"jet-team-member__name-first\">Alena<\/span><span class=\"jet-team-member__name-last\"> Lochmannov\u00e1<\/span><\/h3><div class=\"jet-team-member__position\"><span>Oradora<\/span><\/div><p class=\"jet-team-member__desc\">Alena Lochmannov\u00e1, Ph.D. et Ph.D., MBA \u00e9 engenheira industrial e etn\u00f3loga checa e trabalha na Universidade da Bo\u00e9mia Ocidental em Pilsen e no Instituto XR, onde se concentra na utiliza\u00e7\u00e3o da realidade virtual e aumentada em v\u00e1rias disciplinas, incluindo no contexto da seguran\u00e7a no trabalho para v\u00e1rios tipos de empresas, n\u00e3o s\u00f3 industriais, mas tamb\u00e9m no contexto de aplica\u00e7\u00f5es sociais\u202f.<\/p><div class=\"jet-team-member__socials\"><div class=\"jet-team-member__socials-item\"><a href=\"https:\/\/www.linkedin.com\/in\/alena-lochmannov%C3%A1-123417239\/\" aria-label=\"Linkedin\" target=\"_blank\"><div class=\"jet-team-member__socials-icon\"><div class=\"inner\"><span class=\"jet-elements-icon\"><svg aria-hidden=\"true\" class=\"e-font-icon-svg e-fab-linkedin-in\" viewBox=\"0 0 448 512\" xmlns=\"http:\/\/www.w3.org\/2000\/svg\"><path d=\"M100.28 448H7.4V148.9h92.88zM53.79 108.1C24.09 108.1 0 83.5 0 53.8a53.79 53.79 0 0 1 107.58 0c0 29.7-24.1 54.3-53.79 54.3zM447.9 448h-92.68V302.4c0-34.7-.7-79.2-48.29-79.2-48.29 0-55.69 37.7-55.69 76.7V448h-92.78V148.9h89.08v40.8h1.3c12.4-23.5 42.69-48.3 87.88-48.3 94 0 111.28 61.9 111.28 142.3V448z\"><\/path><\/svg><\/span><\/div><\/div><\/a><\/div><\/div><\/div>\n\t<\/div>\n\t<\/div>\n<\/div>\t\t\t\t<\/div>\n\t\t\t\t<\/div>\n\t\t\t\t<\/div>\n\t\t\t\t\t<\/div>\n\t\t\t\t<\/div>\n\t\t<div class=\"elementor-element elementor-element-74ff8f5 e-flex e-con-boxed elementor-invisible e-con e-parent\" data-id=\"74ff8f5\" data-element_type=\"container\" data-settings=\"{&quot;jet_parallax_layout_list&quot;:[],&quot;animation&quot;:&quot;fadeInUp&quot;}\">\n\t\t\t\t\t<div class=\"e-con-inner\">\n\t\t\t\t\t<\/div>\n\t\t\t\t<\/div>\n\t\t\t\t<\/div>\n\t\t","protected":false},"excerpt":{"rendered":"<p>Programa Apresenta\u00e7\u00e3o Sinopse The use of virtual reality for occupational safety and fire protection: project presentations and current challenges A realidade virtual permite-nos preparar os colaboradores para todo o tipo de situa\u00e7\u00f5es, sejam crises que n\u00e3o podem ser simuladas de forma alguma at\u00e9 que realmente aconte\u00e7am, ou a\u00e7\u00f5es de risco no local de trabalho. O [&hellip;]<\/p>\n","protected":false},"author":4,"featured_media":0,"parent":0,"menu_order":0,"comment_status":"closed","ping_status":"closed","template":"page-templates\/fullwidth-content.php","meta":{"inline_featured_image":false,"footnotes":""},"class_list":["post-3821","page","type-page","status-publish","hentry"],"_links":{"self":[{"href":"https:\/\/edicoes.proteger.pt\/2024\/wp-json\/wp\/v2\/pages\/3821","targetHints":{"allow":["GET"]}}],"collection":[{"href":"https:\/\/edicoes.proteger.pt\/2024\/wp-json\/wp\/v2\/pages"}],"about":[{"href":"https:\/\/edicoes.proteger.pt\/2024\/wp-json\/wp\/v2\/types\/page"}],"author":[{"embeddable":true,"href":"https:\/\/edicoes.proteger.pt\/2024\/wp-json\/wp\/v2\/users\/4"}],"replies":[{"embeddable":true,"href":"https:\/\/edicoes.proteger.pt\/2024\/wp-json\/wp\/v2\/comments?post=3821"}],"version-history":[{"count":43,"href":"https:\/\/edicoes.proteger.pt\/2024\/wp-json\/wp\/v2\/pages\/3821\/revisions"}],"predecessor-version":[{"id":4985,"href":"https:\/\/edicoes.proteger.pt\/2024\/wp-json\/wp\/v2\/pages\/3821\/revisions\/4985"}],"wp:attachment":[{"href":"https:\/\/edicoes.proteger.pt\/2024\/wp-json\/wp\/v2\/media?parent=3821"}],"curies":[{"name":"wp","href":"https:\/\/api.w.org\/{rel}","templated":true}]}}