{"id":3794,"date":"2024-03-23T17:19:06","date_gmt":"2024-03-23T17:19:06","guid":{"rendered":"https:\/\/proteger.pt\/?page_id=3794"},"modified":"2024-04-08T14:01:49","modified_gmt":"2024-04-08T14:01:49","slug":"debate-transporte-de-residuos-caracterizados-como-mercadorias-perigosas","status":"publish","type":"page","link":"https:\/\/edicoes.proteger.pt\/2024\/debate-transporte-de-residuos-caracterizados-como-mercadorias-perigosas\/","title":{"rendered":"Debate: Transporte de Res\u00edduos Caracterizados como Mercadorias Perigosas"},"content":{"rendered":"\t\t<div data-elementor-type=\"wp-post\" data-elementor-id=\"3794\" class=\"elementor elementor-3794\">\n\t\t\t\t<div class=\"elementor-element elementor-element-4ae152e e-con-full e-flex e-con e-parent\" data-id=\"4ae152e\" data-element_type=\"container\" data-settings=\"{&quot;background_background&quot;:&quot;classic&quot;,&quot;jet_parallax_layout_list&quot;:[]}\">\n\t\t\t\t<div class=\"elementor-element elementor-element-e984b9c elementor-invisible elementor-widget elementor-widget-heading\" data-id=\"e984b9c\" data-element_type=\"widget\" data-settings=\"{&quot;_animation&quot;:&quot;fadeInUp&quot;}\" data-widget_type=\"heading.default\">\n\t\t\t\t<div class=\"elementor-widget-container\">\n\t\t\t\t\t<h1 class=\"elementor-heading-title elementor-size-default\">Programa<\/h1>\t\t\t\t<\/div>\n\t\t\t\t<\/div>\n\t\t\t\t<\/div>\n\t\t<div class=\"elementor-element elementor-element-213d4db e-flex e-con-boxed e-con e-parent\" data-id=\"213d4db\" data-element_type=\"container\" data-settings=\"{&quot;jet_parallax_layout_list&quot;:[]}\">\n\t\t\t\t\t<div class=\"e-con-inner\">\n\t\t<div class=\"elementor-element elementor-element-55345de e-flex e-con-boxed elementor-invisible e-con e-child\" data-id=\"55345de\" data-element_type=\"container\" data-settings=\"{&quot;jet_parallax_layout_list&quot;:[],&quot;animation&quot;:&quot;fadeInUp&quot;}\">\n\t\t\t\t\t<div class=\"e-con-inner\">\n\t\t<div class=\"elementor-element elementor-element-b2919ec e-con-full e-flex e-con e-child\" data-id=\"b2919ec\" data-element_type=\"container\" data-settings=\"{&quot;jet_parallax_layout_list&quot;:[]}\">\n\t\t\t\t<div class=\"elementor-element elementor-element-3de951a elementor-widget elementor-widget-text-editor\" data-id=\"3de951a\" data-element_type=\"widget\" data-widget_type=\"text-editor.default\">\n\t\t\t\t<div class=\"elementor-widget-container\">\n\t\t\t\t\t\t\t\t\t<p>Debate<\/p>\t\t\t\t\t\t\t\t<\/div>\n\t\t\t\t<\/div>\n\t\t\t\t<div class=\"elementor-element elementor-element-746bcc4 elementor-widget elementor-widget-heading\" data-id=\"746bcc4\" data-element_type=\"widget\" data-widget_type=\"heading.default\">\n\t\t\t\t<div class=\"elementor-widget-container\">\n\t\t\t\t\t<h1 class=\"elementor-heading-title elementor-size-default\">Sinopse<\/h1>\t\t\t\t<\/div>\n\t\t\t\t<\/div>\n\t\t\t\t<div class=\"elementor-element elementor-element-f6f660c elementor-widget-divider--view-line elementor-widget elementor-widget-divider\" data-id=\"f6f660c\" data-element_type=\"widget\" data-widget_type=\"divider.default\">\n\t\t\t\t<div class=\"elementor-widget-container\">\n\t\t\t\t\t\t\t<div class=\"elementor-divider\">\n\t\t\t<span class=\"elementor-divider-separator\">\n\t\t\t\t\t\t<\/span>\n\t\t<\/div>\n\t\t\t\t\t\t<\/div>\n\t\t\t\t<\/div>\n\t\t\t\t<div class=\"elementor-element elementor-element-71390f8 elementor-widget elementor-widget-text-editor\" data-id=\"71390f8\" data-element_type=\"widget\" data-widget_type=\"text-editor.default\">\n\t\t\t\t<div class=\"elementor-widget-container\">\n\t\t\t\t\t\t\t\t\t<p>Transporte de Res\u00edduos Caracterizados como Mercadorias Perigosas<\/p>\t\t\t\t\t\t\t\t<\/div>\n\t\t\t\t<\/div>\n\t\t\t\t<div class=\"elementor-element elementor-element-e2cd0be elementor-widget elementor-widget-text-editor\" data-id=\"e2cd0be\" data-element_type=\"widget\" data-widget_type=\"text-editor.default\">\n\t\t\t\t<div class=\"elementor-widget-container\">\n\t\t\t\t\t\t\t\t\t<div class=\"flex-1 overflow-hidden\"><div class=\"react-scroll-to-bottom--css-tzqfm-79elbk h-full\"><div class=\"react-scroll-to-bottom--css-tzqfm-1n7m0yu\"><div class=\"flex flex-col text-sm pb-9\"><div class=\"w-full text-token-text-primary\" data-testid=\"conversation-turn-7\"><div class=\"px-4 py-2 justify-center text-base md:gap-6 m-auto\"><div class=\"flex flex-1 text-base mx-auto gap-3 md:px-5 lg:px-1 xl:px-5 md:max-w-3xl lg:max-w-[40rem] xl:max-w-[48rem] group final-completion\"><div class=\"relative flex w-full flex-col agent-turn\"><div class=\"flex-col gap-1 md:gap-3\"><div class=\"flex flex-grow flex-col max-w-full\"><div class=\"min-h-[20px] text-message flex flex-col items-start gap-3 whitespace-pre-wrap break-words [.text-message+&amp;]:mt-5 overflow-x-auto\" data-message-author-role=\"assistant\" data-message-id=\"af3a57ff-6eea-4ca9-9a5c-0d366ce9f57d\"><div class=\"markdown prose w-full break-words dark:prose-invert light\"><div>O conceito de res\u00edduo perigoso n\u00e3o \u00e9 concordante com o conceito de mercadoria perigosa para transporte, estando subjacentes dois sistemas que n\u00e3o s\u00e3o concili\u00e1veis em mat\u00e9ria de classifica\u00e7\u00e3o. Podem existir res\u00edduos perigosos que n\u00e3o s\u00e3o mercadorias perigosas para transporte, assim como res\u00edduos n\u00e3o perigosos que s\u00e3o mercadorias perigosas, \u00e0 luz do ADR e dos demais regulamentos de transporte.<\/div><div>Quando um res\u00edduo \u00e9 classificado como mercadoria perigosa existem exig\u00eancias ao n\u00edvel da embalagem ou da forma de acondicionamento e da sinaliza\u00e7\u00e3o para transporte que ter\u00e3o que ser salvaguardadas, implicando custos e investimentos por vezes dif\u00edceis de justificar quando o res\u00edduo \u00e9 um custo para a ind\u00fastria.<\/div><\/div><\/div><\/div><\/div><\/div><\/div><\/div><\/div><\/div><\/div><\/div><\/div>\t\t\t\t\t\t\t\t<\/div>\n\t\t\t\t<\/div>\n\t\t\t\t<\/div>\n\t\t\t\t\t<\/div>\n\t\t\t\t<\/div>\n\t\t\t\t\t<\/div>\n\t\t\t\t<\/div>\n\t\t<div class=\"elementor-element elementor-element-0882a66 e-flex e-con-boxed elementor-invisible e-con e-parent\" data-id=\"0882a66\" data-element_type=\"container\" data-settings=\"{&quot;jet_parallax_layout_list&quot;:[],&quot;animation&quot;:&quot;fadeInUp&quot;}\">\n\t\t\t\t\t<div class=\"e-con-inner\">\n\t\t\t\t\t<\/div>\n\t\t\t\t<\/div>\n\t\t<div class=\"elementor-element elementor-element-1a87ccb e-flex e-con-boxed elementor-invisible e-con e-parent\" data-id=\"1a87ccb\" data-element_type=\"container\" data-settings=\"{&quot;jet_parallax_layout_list&quot;:[],&quot;animation&quot;:&quot;fadeInUp&quot;}\">\n\t\t\t\t\t<div class=\"e-con-inner\">\n\t\t<div class=\"elementor-element elementor-element-3a01bad e-flex e-con-boxed elementor-invisible e-con e-child\" data-id=\"3a01bad\" data-element_type=\"container\" data-settings=\"{&quot;jet_parallax_layout_list&quot;:[],&quot;animation&quot;:&quot;fadeInUp&quot;}\">\n\t\t\t\t\t<div class=\"e-con-inner\">\n\t\t<div class=\"elementor-element elementor-element-1ab8c25 e-con-full e-flex e-con e-child\" data-id=\"1ab8c25\" data-element_type=\"container\" data-settings=\"{&quot;jet_parallax_layout_list&quot;:[]}\">\n\t\t\t\t<div class=\"elementor-element elementor-element-b416192 elementor-widget elementor-widget-jet-team-member\" data-id=\"b416192\" data-element_type=\"widget\" data-widget_type=\"jet-team-member.default\">\n\t\t\t\t<div class=\"elementor-widget-container\">\n\t\t\t\t\t<div class=\"elementor-jet-team-member jet-elements\"><div class=\"jet-team-member\">\n\t<div class=\"jet-team-member__inner\">\n\t\t\t<div class=\"jet-team-member__image\">\n\t\t\t<div class=\"jet-team-member__cover\"><\/div>\n\t\t\t<figure class=\"jet-team-member__figure\"><img fetchpriority=\"high\" decoding=\"async\" width=\"229\" height=\"234\" src=\"https:\/\/edicoes.proteger.pt\/2024\/wp-content\/uploads\/2024\/04\/momento-20_Carmen.jpg\" class=\"jet-team-member__img-tag\" alt=\"momento 20_Carmen\" \/><\/figure>\t\t<\/div>\n\t\t<div class=\"jet-team-member__content\"><h3 class=\"jet-team-member__name\"><span class=\"jet-team-member__name-first\">Carmen<\/span><span class=\"jet-team-member__name-last\"> Dur\u00e3o<\/span><\/h3><div class=\"jet-team-member__position\"><span>Oradora<\/span><\/div><div class=\"jet-team-member__socials\"><\/div><\/div>\n\t<\/div>\n\t<\/div>\n<\/div>\t\t\t\t<\/div>\n\t\t\t\t<\/div>\n\t\t\t\t<\/div>\n\t\t<div class=\"elementor-element elementor-element-15e3157 e-con-full e-flex e-con e-child\" data-id=\"15e3157\" data-element_type=\"container\" data-settings=\"{&quot;jet_parallax_layout_list&quot;:[]}\">\n\t\t\t\t<div class=\"elementor-element elementor-element-e2a0fe8 elementor-widget elementor-widget-jet-team-member\" data-id=\"e2a0fe8\" data-element_type=\"widget\" data-widget_type=\"jet-team-member.default\">\n\t\t\t\t<div class=\"elementor-widget-container\">\n\t\t\t\t\t<div class=\"elementor-jet-team-member jet-elements\"><div class=\"jet-team-member\">\n\t<div class=\"jet-team-member__inner\">\n\t\t\t<div class=\"jet-team-member__image\">\n\t\t\t<div class=\"jet-team-member__cover\"><\/div>\n\t\t\t<figure class=\"jet-team-member__figure\"><img decoding=\"async\" width=\"229\" height=\"234\" src=\"https:\/\/edicoes.proteger.pt\/2024\/wp-content\/uploads\/2024\/04\/momento-28_Isabel-Galhardo.jpg\" class=\"jet-team-member__img-tag\" alt=\"momento 28_Isabel Galhardo\" \/><\/figure>\t\t<\/div>\n\t\t<div class=\"jet-team-member__content\"><h3 class=\"jet-team-member__name\"><span class=\"jet-team-member__name-first\">Isabel Galhardo<\/span><span class=\"jet-team-member__name-last\"> Morais<\/span><\/h3><div class=\"jet-team-member__position\"><span>Oradora<\/span><\/div><p class=\"jet-team-member__desc\">Licenciada em L\u00ednguas e Administra\u00e7\u00e3o (pr\u00e9-Bolonha), no ISLA, desempenhou durante 19 anos, v\u00e1rias responsabilidades na \u00e1rea log\u00edstica e de compras, em empresas do setor qu\u00edmico.\nEnquanto Especialista no Transporte de Mercadoria Perigosa (da qual det\u00eam 4 especializa\u00e7\u00f5es: modos rodovi\u00e1rio, ferrovi\u00e1rio, mar\u00edtimo e a\u00e9reo), exerce as fun\u00e7\u00f5es de Conselheira de Seguran\u00e7a \/ Consultora e Formadora, para v\u00e1rias empresas e v\u00e1rios setores de atividade.\n\u00c9 Vice-Presidente do NAMP (N\u00facleo de Seguran\u00e7a no Transporte de mercadorias perigosas) no seio da APSEI.<\/p><div class=\"jet-team-member__socials\"><\/div><\/div>\n\t<\/div>\n\t<\/div>\n<\/div>\t\t\t\t<\/div>\n\t\t\t\t<\/div>\n\t\t\t\t<\/div>\n\t\t<div class=\"elementor-element elementor-element-acc5eeb e-con-full e-flex e-con e-child\" data-id=\"acc5eeb\" data-element_type=\"container\" data-settings=\"{&quot;jet_parallax_layout_list&quot;:[]}\">\n\t\t\t\t<div class=\"elementor-element elementor-element-4ccbdc0 elementor-widget elementor-widget-jet-team-member\" data-id=\"4ccbdc0\" data-element_type=\"widget\" data-widget_type=\"jet-team-member.default\">\n\t\t\t\t<div class=\"elementor-widget-container\">\n\t\t\t\t\t<div class=\"elementor-jet-team-member jet-elements\"><div class=\"jet-team-member\">\n\t<div class=\"jet-team-member__inner\">\n\t\t\t<div class=\"jet-team-member__image\">\n\t\t\t<div class=\"jet-team-member__cover\"><\/div>\n\t\t\t\t\t<\/div>\n\t\t<div class=\"jet-team-member__content\"><h3 class=\"jet-team-member__name\"><span class=\"jet-team-member__name-first\">Rui<\/span><span class=\"jet-team-member__name-last\"> Cabral<\/span><\/h3><div class=\"jet-team-member__position\"><span>Orador<\/span><\/div><div class=\"jet-team-member__socials\"><\/div><\/div>\n\t<\/div>\n\t<\/div>\n<\/div>\t\t\t\t<\/div>\n\t\t\t\t<\/div>\n\t\t\t\t<\/div>\n\t\t<div class=\"elementor-element elementor-element-8b317a5 e-con-full e-flex e-con e-child\" data-id=\"8b317a5\" data-element_type=\"container\" data-settings=\"{&quot;jet_parallax_layout_list&quot;:[]}\">\n\t\t\t\t<div class=\"elementor-element elementor-element-1809aa8 elementor-widget elementor-widget-jet-team-member\" data-id=\"1809aa8\" data-element_type=\"widget\" data-widget_type=\"jet-team-member.default\">\n\t\t\t\t<div class=\"elementor-widget-container\">\n\t\t\t\t\t<div class=\"elementor-jet-team-member jet-elements\"><div class=\"jet-team-member\">\n\t<div class=\"jet-team-member__inner\">\n\t\t\t<div class=\"jet-team-member__image\">\n\t\t\t<div class=\"jet-team-member__cover\"><\/div>\n\t\t\t<figure class=\"jet-team-member__figure\"><img decoding=\"async\" width=\"243\" height=\"232\" src=\"https:\/\/edicoes.proteger.pt\/2024\/wp-content\/uploads\/2024\/04\/Foto_Antonio-Machado-1.jpg\" class=\"jet-team-member__img-tag\" alt=\"Foto_Ant\u00f3nio Machado (1)\" \/><\/figure>\t\t<\/div>\n\t\t<div class=\"jet-team-member__content\"><h3 class=\"jet-team-member__name\"><span class=\"jet-team-member__name-first\">Ant\u00f3nio <\/span><span class=\"jet-team-member__name-last\"> Machado<\/span><\/h3><div class=\"jet-team-member__position\"><span>Orador<\/span><\/div><p class=\"jet-team-member__desc\">Com licenciatura em Engenharia do Ambiente, este profissional tem experi\u00eancia em gest\u00e3o e como Conselheiro de Seguran\u00e7a para o Transporte Rodovi\u00e1rio de Mercadorias Perigosas. Com passagem por empresas do setor de res\u00edduos industriais e consultoria, destaca-se na promo\u00e7\u00e3o de servi\u00e7os de conformidade legal e gest\u00e3o de produtos qu\u00edmicos, al\u00e9m de liderar a unidade de neg\u00f3cio de Ambiente e Seguran\u00e7a.<\/p><div class=\"jet-team-member__socials\"><\/div><\/div>\n\t<\/div>\n\t<\/div>\n<\/div>\t\t\t\t<\/div>\n\t\t\t\t<\/div>\n\t\t\t\t<\/div>\n\t\t\t\t\t<\/div>\n\t\t\t\t<\/div>\n\t\t\t\t\t<\/div>\n\t\t\t\t<\/div>\n\t\t<div class=\"elementor-element elementor-element-74ff8f5 e-flex e-con-boxed elementor-invisible e-con e-parent\" data-id=\"74ff8f5\" data-element_type=\"container\" data-settings=\"{&quot;jet_parallax_layout_list&quot;:[],&quot;animation&quot;:&quot;fadeInUp&quot;}\">\n\t\t\t\t\t<div class=\"e-con-inner\">\n\t\t\t\t\t<\/div>\n\t\t\t\t<\/div>\n\t\t<div class=\"elementor-element elementor-element-214d60d e-flex e-con-boxed elementor-invisible e-con e-parent\" data-id=\"214d60d\" data-element_type=\"container\" data-settings=\"{&quot;jet_parallax_layout_list&quot;:[],&quot;animation&quot;:&quot;fadeInUp&quot;}\">\n\t\t\t\t\t<div class=\"e-con-inner\">\n\t\t<div class=\"elementor-element elementor-element-58db9a7 e-con-full e-flex e-con e-child\" data-id=\"58db9a7\" data-element_type=\"container\" data-settings=\"{&quot;jet_parallax_layout_list&quot;:[]}\">\n\t\t\t\t<div class=\"elementor-element elementor-element-4acde9f elementor-widget elementor-widget-jet-team-member\" data-id=\"4acde9f\" data-element_type=\"widget\" data-widget_type=\"jet-team-member.default\">\n\t\t\t\t<div class=\"elementor-widget-container\">\n\t\t\t\t\t<div class=\"elementor-jet-team-member jet-elements\"><div class=\"jet-team-member\">\n\t<div class=\"jet-team-member__inner\">\n\t\t\t<div class=\"jet-team-member__image\">\n\t\t\t<div class=\"jet-team-member__cover\"><\/div>\n\t\t\t<figure class=\"jet-team-member__figure\"><img loading=\"lazy\" decoding=\"async\" width=\"229\" height=\"234\" src=\"https:\/\/edicoes.proteger.pt\/2024\/wp-content\/uploads\/2024\/03\/momento-20_Joao-Cezilia.jpg\" class=\"jet-team-member__img-tag\" alt=\"momento 20_Jo\u00e3o Cezilia\" \/><\/figure>\t\t<\/div>\n\t\t<div class=\"jet-team-member__content\"><h3 class=\"jet-team-member__name\"><span class=\"jet-team-member__name-first\">Jo\u00e3o<\/span><span class=\"jet-team-member__name-last\"> Cez\u00edlia<\/span><\/h3><div class=\"jet-team-member__position\"><span>Moderador<\/span><\/div><p class=\"jet-team-member__desc\">Administrador da empresa TUTORIAL, Lda.; com mais de 20 anos de experi\u00eancia na produ\u00e7\u00e3o de conte\u00fados t\u00e9cnicos, consultoria e forma\u00e7\u00e3o no dom\u00ednio do transporte de mercadorias perigosas.\nConselheiro de Seguran\u00e7a para o Transporte de Mercadorias Perigosas, ADR e RID, certifica\u00e7\u00e3o IATA - Categoria 6 e com forma\u00e7\u00e3o em Planeamento de Seguran\u00e7a e Prote\u00e7\u00e3o de Instala\u00e7\u00f5es e Terrorismo, integrou o Grupo de Especialistas em Mercadorias Perigosas da Uni\u00e3o Internacional de Transporte Rodovi\u00e1rio (IRU).\nAtualmente det\u00e9m uma das Vice-presid\u00eancias da Comiss\u00e3o Nacional de Transporte de Mercadorias Perigosas \n(CNTMP) e \u00e9 Presidente do N\u00facleo Aut\u00f3nomo de Seguran\u00e7a no Transporte de Mercadorias Perigosas (NAMP) da \nAssocia\u00e7\u00e3o Portuguesa de Seguran\u00e7a \/ Seguran\u00e7a (APSEI).<\/p><div class=\"jet-team-member__socials\"><div class=\"jet-team-member__socials-item\"><a href=\"https:\/\/www.linkedin.com\/in\/jcezilia\/\" aria-label=\"Linkedin\" target=\"_blank\"><div class=\"jet-team-member__socials-icon\"><div class=\"inner\"><span class=\"jet-elements-icon\"><svg aria-hidden=\"true\" class=\"e-font-icon-svg e-fab-linkedin-in\" viewBox=\"0 0 448 512\" xmlns=\"http:\/\/www.w3.org\/2000\/svg\"><path d=\"M100.28 448H7.4V148.9h92.88zM53.79 108.1C24.09 108.1 0 83.5 0 53.8a53.79 53.79 0 0 1 107.58 0c0 29.7-24.1 54.3-53.79 54.3zM447.9 448h-92.68V302.4c0-34.7-.7-79.2-48.29-79.2-48.29 0-55.69 37.7-55.69 76.7V448h-92.78V148.9h89.08v40.8h1.3c12.4-23.5 42.69-48.3 87.88-48.3 94 0 111.28 61.9 111.28 142.3V448z\"><\/path><\/svg><\/span><\/div><\/div><\/a><\/div><\/div><\/div>\n\t<\/div>\n\t<\/div>\n<\/div>\t\t\t\t<\/div>\n\t\t\t\t<\/div>\n\t\t\t\t<\/div>\n\t\t\t\t\t<\/div>\n\t\t\t\t<\/div>\n\t\t\t\t<\/div>\n\t\t","protected":false},"excerpt":{"rendered":"<p>Programa Debate Sinopse Transporte de Res\u00edduos Caracterizados como Mercadorias Perigosas O conceito de res\u00edduo perigoso n\u00e3o \u00e9 concordante com o conceito de mercadoria perigosa para transporte, estando subjacentes dois sistemas que n\u00e3o s\u00e3o concili\u00e1veis em mat\u00e9ria de classifica\u00e7\u00e3o. Podem existir res\u00edduos perigosos que n\u00e3o s\u00e3o mercadorias perigosas para transporte, assim como res\u00edduos n\u00e3o perigosos que [&hellip;]<\/p>\n","protected":false},"author":4,"featured_media":0,"parent":0,"menu_order":0,"comment_status":"closed","ping_status":"closed","template":"page-templates\/fullwidth-content.php","meta":{"inline_featured_image":false,"footnotes":""},"class_list":["post-3794","page","type-page","status-publish","hentry"],"_links":{"self":[{"href":"https:\/\/edicoes.proteger.pt\/2024\/wp-json\/wp\/v2\/pages\/3794","targetHints":{"allow":["GET"]}}],"collection":[{"href":"https:\/\/edicoes.proteger.pt\/2024\/wp-json\/wp\/v2\/pages"}],"about":[{"href":"https:\/\/edicoes.proteger.pt\/2024\/wp-json\/wp\/v2\/types\/page"}],"author":[{"embeddable":true,"href":"https:\/\/edicoes.proteger.pt\/2024\/wp-json\/wp\/v2\/users\/4"}],"replies":[{"embeddable":true,"href":"https:\/\/edicoes.proteger.pt\/2024\/wp-json\/wp\/v2\/comments?post=3794"}],"version-history":[{"count":52,"href":"https:\/\/edicoes.proteger.pt\/2024\/wp-json\/wp\/v2\/pages\/3794\/revisions"}],"predecessor-version":[{"id":5340,"href":"https:\/\/edicoes.proteger.pt\/2024\/wp-json\/wp\/v2\/pages\/3794\/revisions\/5340"}],"wp:attachment":[{"href":"https:\/\/edicoes.proteger.pt\/2024\/wp-json\/wp\/v2\/media?parent=3794"}],"curies":[{"name":"wp","href":"https:\/\/api.w.org\/{rel}","templated":true}]}}