{"id":3731,"date":"2024-03-23T11:52:17","date_gmt":"2024-03-23T11:52:17","guid":{"rendered":"https:\/\/proteger.pt\/?page_id=3731"},"modified":"2024-03-27T21:05:53","modified_gmt":"2024-03-27T21:05:53","slug":"apresentacao-projeto-efti4eu","status":"publish","type":"page","link":"https:\/\/edicoes.proteger.pt\/2024\/apresentacao-projeto-efti4eu\/","title":{"rendered":"Projeto eFTI4EU"},"content":{"rendered":"\t\t<div data-elementor-type=\"wp-post\" data-elementor-id=\"3731\" class=\"elementor elementor-3731\">\n\t\t\t\t<div class=\"elementor-element elementor-element-4ae152e e-con-full e-flex e-con e-parent\" data-id=\"4ae152e\" data-element_type=\"container\" data-settings=\"{&quot;background_background&quot;:&quot;classic&quot;,&quot;jet_parallax_layout_list&quot;:[]}\">\n\t\t\t\t<div class=\"elementor-element elementor-element-e984b9c elementor-invisible elementor-widget elementor-widget-heading\" data-id=\"e984b9c\" data-element_type=\"widget\" data-settings=\"{&quot;_animation&quot;:&quot;fadeInUp&quot;}\" data-widget_type=\"heading.default\">\n\t\t\t\t<div class=\"elementor-widget-container\">\n\t\t\t\t\t<h1 class=\"elementor-heading-title elementor-size-default\">Programa<\/h1>\t\t\t\t<\/div>\n\t\t\t\t<\/div>\n\t\t\t\t<\/div>\n\t\t<div class=\"elementor-element elementor-element-213d4db e-flex e-con-boxed e-con e-parent\" data-id=\"213d4db\" data-element_type=\"container\" data-settings=\"{&quot;jet_parallax_layout_list&quot;:[]}\">\n\t\t\t\t\t<div class=\"e-con-inner\">\n\t\t<div class=\"elementor-element elementor-element-55345de e-flex e-con-boxed elementor-invisible e-con e-child\" data-id=\"55345de\" data-element_type=\"container\" data-settings=\"{&quot;jet_parallax_layout_list&quot;:[],&quot;animation&quot;:&quot;fadeInUp&quot;}\">\n\t\t\t\t\t<div class=\"e-con-inner\">\n\t\t<div class=\"elementor-element elementor-element-b2919ec e-con-full e-flex e-con e-child\" data-id=\"b2919ec\" data-element_type=\"container\" data-settings=\"{&quot;jet_parallax_layout_list&quot;:[]}\">\n\t\t\t\t<div class=\"elementor-element elementor-element-3de951a elementor-widget elementor-widget-text-editor\" data-id=\"3de951a\" data-element_type=\"widget\" data-widget_type=\"text-editor.default\">\n\t\t\t\t<div class=\"elementor-widget-container\">\n\t\t\t\t\t\t\t\t\t<p>Apresenta\u00e7\u00e3o<\/p>\t\t\t\t\t\t\t\t<\/div>\n\t\t\t\t<\/div>\n\t\t\t\t<div class=\"elementor-element elementor-element-746bcc4 elementor-widget elementor-widget-heading\" data-id=\"746bcc4\" data-element_type=\"widget\" data-widget_type=\"heading.default\">\n\t\t\t\t<div class=\"elementor-widget-container\">\n\t\t\t\t\t<h1 class=\"elementor-heading-title elementor-size-default\">Sinopse<\/h1>\t\t\t\t<\/div>\n\t\t\t\t<\/div>\n\t\t\t\t<div class=\"elementor-element elementor-element-f6f660c elementor-widget-divider--view-line elementor-widget elementor-widget-divider\" data-id=\"f6f660c\" data-element_type=\"widget\" data-widget_type=\"divider.default\">\n\t\t\t\t<div class=\"elementor-widget-container\">\n\t\t\t\t\t\t\t<div class=\"elementor-divider\">\n\t\t\t<span class=\"elementor-divider-separator\">\n\t\t\t\t\t\t<\/span>\n\t\t<\/div>\n\t\t\t\t\t\t<\/div>\n\t\t\t\t<\/div>\n\t\t\t\t<div class=\"elementor-element elementor-element-71390f8 elementor-widget elementor-widget-text-editor\" data-id=\"71390f8\" data-element_type=\"widget\" data-widget_type=\"text-editor.default\">\n\t\t\t\t<div class=\"elementor-widget-container\">\n\t\t\t\t\t\t\t\t\t<p><strong>Projeto eFTI4EU<\/strong><\/p>\t\t\t\t\t\t\t\t<\/div>\n\t\t\t\t<\/div>\n\t\t\t\t<div class=\"elementor-element elementor-element-e2cd0be elementor-widget elementor-widget-text-editor\" data-id=\"e2cd0be\" data-element_type=\"widget\" data-widget_type=\"text-editor.default\">\n\t\t\t\t<div class=\"elementor-widget-container\">\n\t\t\t\t\t\t\t\t\t<div class=\"flex-1 overflow-hidden\"><div class=\"react-scroll-to-bottom--css-tzqfm-79elbk h-full\"><div class=\"react-scroll-to-bottom--css-tzqfm-1n7m0yu\"><div class=\"flex flex-col text-sm pb-9\"><div class=\"w-full text-token-text-primary\" data-testid=\"conversation-turn-7\"><div class=\"px-4 py-2 justify-center text-base md:gap-6 m-auto\"><div class=\"flex flex-1 text-base mx-auto gap-3 md:px-5 lg:px-1 xl:px-5 md:max-w-3xl lg:max-w-[40rem] xl:max-w-[48rem] group final-completion\"><div class=\"relative flex w-full flex-col agent-turn\"><div class=\"flex-col gap-1 md:gap-3\"><div class=\"flex flex-grow flex-col max-w-full\"><div class=\"min-h-[20px] text-message flex flex-col items-start gap-3 whitespace-pre-wrap break-words [.text-message+&amp;]:mt-5 overflow-x-auto\" data-message-author-role=\"assistant\" data-message-id=\"af3a57ff-6eea-4ca9-9a5c-0d366ce9f57d\"><div class=\"markdown prose w-full break-words dark:prose-invert light\"><p>O eFTI4EU (Electronic Freight Transport Information for the European Union) \u00e9 um projeto cofinanciado pela Comiss\u00e3o Europeia com o objetivo de p\u00f4r em pr\u00e1tica o Regulamento eFTI (Regulamento UE n.\u00ba 2020\/1056 relativo \u00e0s informa\u00e7\u00f5es eletr\u00f3nicas sobre o transporte de mercadorias). O projeto conta com 23 parceiros de 9 Estados-Membros &#8211; Est\u00f3nia, Portugal, Finl\u00e2ndia, Litu\u00e2nia, Alemanha, Fran\u00e7a, It\u00e1lia, \u00c1ustria e B\u00e9lgica. Os observadores s\u00e3o a Espanha, a Irlanda e os Pa\u00edses Baixos. O objetivo deste projeto \u00e9 desenvolver e testar o modelo de refer\u00eancia do eFTI Gate, promovendo a harmoniza\u00e7\u00e3o do desenvolvimento do eFTI e assegurando a interoperabilidade entre os Estados-Membros at\u00e9 2026. A miss\u00e3o do eFTI4EU \u00e9 incentivar os Estados-Membros a trabalharem em conjunto para desenvolver um ambiente de interc\u00e2mbio de eFTI bem harmonizado e interoper\u00e1vel a n\u00edvel europeu.<\/p><\/div><\/div><\/div><\/div><\/div><\/div><\/div><\/div><\/div><\/div><\/div><\/div>\t\t\t\t\t\t\t\t<\/div>\n\t\t\t\t<\/div>\n\t\t\t\t<\/div>\n\t\t\t\t\t<\/div>\n\t\t\t\t<\/div>\n\t\t\t\t\t<\/div>\n\t\t\t\t<\/div>\n\t\t<div class=\"elementor-element elementor-element-0882a66 e-flex e-con-boxed elementor-invisible e-con e-parent\" data-id=\"0882a66\" data-element_type=\"container\" data-settings=\"{&quot;jet_parallax_layout_list&quot;:[],&quot;animation&quot;:&quot;fadeInUp&quot;}\">\n\t\t\t\t\t<div class=\"e-con-inner\">\n\t\t<div class=\"elementor-element elementor-element-5e22752 e-flex e-con-boxed elementor-invisible e-con e-child\" data-id=\"5e22752\" data-element_type=\"container\" data-settings=\"{&quot;jet_parallax_layout_list&quot;:[],&quot;animation&quot;:&quot;fadeInUp&quot;}\">\n\t\t\t\t\t<div class=\"e-con-inner\">\n\t\t\t\t\t<\/div>\n\t\t\t\t<\/div>\n\t\t\t\t\t<\/div>\n\t\t\t\t<\/div>\n\t\t<div class=\"elementor-element elementor-element-214d60d e-flex e-con-boxed elementor-invisible e-con e-parent\" data-id=\"214d60d\" data-element_type=\"container\" data-settings=\"{&quot;jet_parallax_layout_list&quot;:[],&quot;animation&quot;:&quot;fadeInUp&quot;}\">\n\t\t\t\t\t<div class=\"e-con-inner\">\n\t\t<div class=\"elementor-element elementor-element-46b9322 e-con-full e-flex e-con e-child\" data-id=\"46b9322\" data-element_type=\"container\" data-settings=\"{&quot;jet_parallax_layout_list&quot;:[]}\">\n\t\t\t\t<div class=\"elementor-element elementor-element-4acde9f elementor-widget elementor-widget-jet-team-member\" data-id=\"4acde9f\" data-element_type=\"widget\" data-widget_type=\"jet-team-member.default\">\n\t\t\t\t<div class=\"elementor-widget-container\">\n\t\t\t\t\t<div class=\"elementor-jet-team-member jet-elements\"><div class=\"jet-team-member\">\n\t<div class=\"jet-team-member__inner\">\n\t\t\t<div class=\"jet-team-member__image\">\n\t\t\t<div class=\"jet-team-member__cover\"><\/div>\n\t\t\t<figure class=\"jet-team-member__figure\"><img fetchpriority=\"high\" decoding=\"async\" width=\"229\" height=\"234\" src=\"https:\/\/edicoes.proteger.pt\/2024\/wp-content\/uploads\/2024\/03\/momento-9_Eva-Killar.jpg\" class=\"jet-team-member__img-tag\" alt=\"momento 9_Eva Killar\" \/><\/figure>\t\t<\/div>\n\t\t<div class=\"jet-team-member__content\"><h3 class=\"jet-team-member__name\"><span class=\"jet-team-member__name-first\">Eva<\/span><span class=\"jet-team-member__name-last\"> Killar<\/span><\/h3><div class=\"jet-team-member__position\"><span>Oradora<\/span><\/div><p class=\"jet-team-member__desc\">Eva trabalha com quest\u00f5es relacionadas com os transportes desde 2004. Chefe do Departamento de Desenvolvimento da Mobilidade e Investimentos do Minist\u00e9rio do Clima da Est\u00f3nia, soluciona quest\u00f5es relacionadas com transportes sustent\u00e1veis e ecol\u00f3gicos, infraestruturas de combust\u00edveis alternativos, oportunidades de financiamento para o setor dos transportes, ITS e digitaliza\u00e7\u00e3o dos transportes. Desde 2019, est\u00e1 envolvida como gestora de projetos relacionados com a digitaliza\u00e7\u00e3o dos transportes na regi\u00e3o B\u00e1ltico-N\u00f3rdica. Desde 2023, sou l\u00edder do projeto eFTI4EU. <\/p><div class=\"jet-team-member__socials\"><div class=\"jet-team-member__socials-item\"><a href=\"https:\/\/www.linkedin.com\/in\/eva-killar-5311432a\/\" aria-label=\"Linkedin\" target=\"_blank\"><div class=\"jet-team-member__socials-icon\"><div class=\"inner\"><span class=\"jet-elements-icon\"><svg aria-hidden=\"true\" class=\"e-font-icon-svg e-fab-linkedin-in\" viewBox=\"0 0 448 512\" xmlns=\"http:\/\/www.w3.org\/2000\/svg\"><path d=\"M100.28 448H7.4V148.9h92.88zM53.79 108.1C24.09 108.1 0 83.5 0 53.8a53.79 53.79 0 0 1 107.58 0c0 29.7-24.1 54.3-53.79 54.3zM447.9 448h-92.68V302.4c0-34.7-.7-79.2-48.29-79.2-48.29 0-55.69 37.7-55.69 76.7V448h-92.78V148.9h89.08v40.8h1.3c12.4-23.5 42.69-48.3 87.88-48.3 94 0 111.28 61.9 111.28 142.3V448z\"><\/path><\/svg><\/span><\/div><\/div><\/a><\/div><\/div><\/div>\n\t<\/div>\n\t<\/div>\n<\/div>\t\t\t\t<\/div>\n\t\t\t\t<\/div>\n\t\t\t\t<\/div>\n\t\t<div class=\"elementor-element elementor-element-58db9a7 e-con-full e-flex e-con e-child\" data-id=\"58db9a7\" data-element_type=\"container\" data-settings=\"{&quot;jet_parallax_layout_list&quot;:[]}\">\n\t\t\t\t<div class=\"elementor-element elementor-element-b97a713 elementor-widget elementor-widget-jet-team-member\" data-id=\"b97a713\" data-element_type=\"widget\" data-widget_type=\"jet-team-member.default\">\n\t\t\t\t<div class=\"elementor-widget-container\">\n\t\t\t\t\t<div class=\"elementor-jet-team-member jet-elements\"><div class=\"jet-team-member\">\n\t<div class=\"jet-team-member__inner\">\n\t\t\t<div class=\"jet-team-member__image\">\n\t\t\t<div class=\"jet-team-member__cover\"><\/div>\n\t\t\t<figure class=\"jet-team-member__figure\"><img decoding=\"async\" width=\"229\" height=\"234\" src=\"https:\/\/edicoes.proteger.pt\/2024\/wp-content\/uploads\/2024\/03\/momento-9_Rui-Velasco-Martins.jpg\" class=\"jet-team-member__img-tag\" alt=\"momento 9_Rui Velasco Martins\" \/><\/figure>\t\t<\/div>\n\t\t<div class=\"jet-team-member__content\"><h3 class=\"jet-team-member__name\"><span class=\"jet-team-member__name-first\">Rui Velasco<\/span><span class=\"jet-team-member__name-last\"> Martins<\/span><\/h3><div class=\"jet-team-member__position\"><span>Orador<\/span><\/div><p class=\"jet-team-member__desc\">No Instituto da Mobilidade e dos Transportes (IMT), faz parte de uma equipa que trabalha para elevar os sistemas de transporte e mobilidade portugueses para um patamar superior de sustentabilidade. O compromisso di\u00e1rio com uma mobilidade mais sustent\u00e1vel e inteligente manifesta-se atrav\u00e9s da participa\u00e7\u00e3o num conjunto de projetos nacionais e internacionais, como: DATA4PT, Cooperative Streets, eFTI4EU e a coordena\u00e7\u00e3o  do grupo de trabalho de transportes para a Estrat\u00e9gia Nacional de Adapta\u00e7\u00e3o \u00e0s Altera\u00e7\u00f5es Clim\u00e1ticas. <\/p><div class=\"jet-team-member__socials\"><div class=\"jet-team-member__socials-item\"><a href=\"https:\/\/www.linkedin.com\/in\/rui-velasco-075a90188\/\" aria-label=\"Linkedin\" target=\"_blank\"><div class=\"jet-team-member__socials-icon\"><div class=\"inner\"><span class=\"jet-elements-icon\"><svg aria-hidden=\"true\" class=\"e-font-icon-svg e-fab-linkedin-in\" viewBox=\"0 0 448 512\" xmlns=\"http:\/\/www.w3.org\/2000\/svg\"><path d=\"M100.28 448H7.4V148.9h92.88zM53.79 108.1C24.09 108.1 0 83.5 0 53.8a53.79 53.79 0 0 1 107.58 0c0 29.7-24.1 54.3-53.79 54.3zM447.9 448h-92.68V302.4c0-34.7-.7-79.2-48.29-79.2-48.29 0-55.69 37.7-55.69 76.7V448h-92.78V148.9h89.08v40.8h1.3c12.4-23.5 42.69-48.3 87.88-48.3 94 0 111.28 61.9 111.28 142.3V448z\"><\/path><\/svg><\/span><\/div><\/div><\/a><\/div><\/div><\/div>\n\t<\/div>\n\t<\/div>\n<\/div>\t\t\t\t<\/div>\n\t\t\t\t<\/div>\n\t\t\t\t<\/div>\n\t\t\t\t\t<\/div>\n\t\t\t\t<\/div>\n\t\t<div class=\"elementor-element elementor-element-74ff8f5 e-flex e-con-boxed elementor-invisible e-con e-parent\" data-id=\"74ff8f5\" data-element_type=\"container\" data-settings=\"{&quot;jet_parallax_layout_list&quot;:[],&quot;animation&quot;:&quot;fadeInUp&quot;}\">\n\t\t\t\t\t<div class=\"e-con-inner\">\n\t\t\t\t\t<\/div>\n\t\t\t\t<\/div>\n\t\t\t\t<\/div>\n\t\t","protected":false},"excerpt":{"rendered":"<p>Programa Apresenta\u00e7\u00e3o Sinopse Projeto eFTI4EU O eFTI4EU (Electronic Freight Transport Information for the European Union) \u00e9 um projeto cofinanciado pela Comiss\u00e3o Europeia com o objetivo de p\u00f4r em pr\u00e1tica o Regulamento eFTI (Regulamento UE n.\u00ba 2020\/1056 relativo \u00e0s informa\u00e7\u00f5es eletr\u00f3nicas sobre o transporte de mercadorias). O projeto conta com 23 parceiros de 9 Estados-Membros &#8211; [&hellip;]<\/p>\n","protected":false},"author":4,"featured_media":0,"parent":0,"menu_order":0,"comment_status":"closed","ping_status":"closed","template":"page-templates\/fullwidth-content.php","meta":{"inline_featured_image":false,"footnotes":""},"class_list":["post-3731","page","type-page","status-publish","hentry"],"_links":{"self":[{"href":"https:\/\/edicoes.proteger.pt\/2024\/wp-json\/wp\/v2\/pages\/3731","targetHints":{"allow":["GET"]}}],"collection":[{"href":"https:\/\/edicoes.proteger.pt\/2024\/wp-json\/wp\/v2\/pages"}],"about":[{"href":"https:\/\/edicoes.proteger.pt\/2024\/wp-json\/wp\/v2\/types\/page"}],"author":[{"embeddable":true,"href":"https:\/\/edicoes.proteger.pt\/2024\/wp-json\/wp\/v2\/users\/4"}],"replies":[{"embeddable":true,"href":"https:\/\/edicoes.proteger.pt\/2024\/wp-json\/wp\/v2\/comments?post=3731"}],"version-history":[{"count":71,"href":"https:\/\/edicoes.proteger.pt\/2024\/wp-json\/wp\/v2\/pages\/3731\/revisions"}],"predecessor-version":[{"id":4818,"href":"https:\/\/edicoes.proteger.pt\/2024\/wp-json\/wp\/v2\/pages\/3731\/revisions\/4818"}],"wp:attachment":[{"href":"https:\/\/edicoes.proteger.pt\/2024\/wp-json\/wp\/v2\/media?parent=3731"}],"curies":[{"name":"wp","href":"https:\/\/api.w.org\/{rel}","templated":true}]}}