{"id":3670,"date":"2024-03-23T11:36:32","date_gmt":"2024-03-23T11:36:32","guid":{"rendered":"https:\/\/proteger.pt\/?page_id=3670"},"modified":"2024-03-27T21:03:56","modified_gmt":"2024-03-27T21:03:56","slug":"anuario-de-scie-2023","status":"publish","type":"page","link":"https:\/\/edicoes.proteger.pt\/2024\/anuario-de-scie-2023\/","title":{"rendered":"Anu\u00e1rio de SCIE 2023"},"content":{"rendered":"\t\t<div data-elementor-type=\"wp-post\" data-elementor-id=\"3670\" class=\"elementor elementor-3670\">\n\t\t\t\t<div class=\"elementor-element elementor-element-4ae152e e-con-full e-flex e-con e-parent\" data-id=\"4ae152e\" data-element_type=\"container\" data-settings=\"{&quot;background_background&quot;:&quot;classic&quot;,&quot;jet_parallax_layout_list&quot;:[]}\">\n\t\t\t\t<div class=\"elementor-element elementor-element-e984b9c elementor-invisible elementor-widget elementor-widget-heading\" data-id=\"e984b9c\" data-element_type=\"widget\" data-settings=\"{&quot;_animation&quot;:&quot;fadeInUp&quot;}\" data-widget_type=\"heading.default\">\n\t\t\t\t<div class=\"elementor-widget-container\">\n\t\t\t\t\t<h1 class=\"elementor-heading-title elementor-size-default\">Programa<\/h1>\t\t\t\t<\/div>\n\t\t\t\t<\/div>\n\t\t\t\t<\/div>\n\t\t<div class=\"elementor-element elementor-element-213d4db e-flex e-con-boxed e-con e-parent\" data-id=\"213d4db\" data-element_type=\"container\" data-settings=\"{&quot;jet_parallax_layout_list&quot;:[]}\">\n\t\t\t\t\t<div class=\"e-con-inner\">\n\t\t<div class=\"elementor-element elementor-element-55345de e-flex e-con-boxed elementor-invisible e-con e-child\" data-id=\"55345de\" data-element_type=\"container\" data-settings=\"{&quot;jet_parallax_layout_list&quot;:[],&quot;animation&quot;:&quot;fadeInUp&quot;}\">\n\t\t\t\t\t<div class=\"e-con-inner\">\n\t\t<div class=\"elementor-element elementor-element-b2919ec e-con-full e-flex e-con e-child\" data-id=\"b2919ec\" data-element_type=\"container\" data-settings=\"{&quot;jet_parallax_layout_list&quot;:[]}\">\n\t\t\t\t<div class=\"elementor-element elementor-element-3de951a elementor-widget elementor-widget-text-editor\" data-id=\"3de951a\" data-element_type=\"widget\" data-widget_type=\"text-editor.default\">\n\t\t\t\t<div class=\"elementor-widget-container\">\n\t\t\t\t\t\t\t\t\t<p>Apresenta\u00e7\u00e3o<\/p>\t\t\t\t\t\t\t\t<\/div>\n\t\t\t\t<\/div>\n\t\t\t\t<div class=\"elementor-element elementor-element-746bcc4 elementor-widget elementor-widget-heading\" data-id=\"746bcc4\" data-element_type=\"widget\" data-widget_type=\"heading.default\">\n\t\t\t\t<div class=\"elementor-widget-container\">\n\t\t\t\t\t<h1 class=\"elementor-heading-title elementor-size-default\">Sinopse<\/h1>\t\t\t\t<\/div>\n\t\t\t\t<\/div>\n\t\t\t\t<div class=\"elementor-element elementor-element-f6f660c elementor-widget-divider--view-line elementor-widget elementor-widget-divider\" data-id=\"f6f660c\" data-element_type=\"widget\" data-widget_type=\"divider.default\">\n\t\t\t\t<div class=\"elementor-widget-container\">\n\t\t\t\t\t\t\t<div class=\"elementor-divider\">\n\t\t\t<span class=\"elementor-divider-separator\">\n\t\t\t\t\t\t<\/span>\n\t\t<\/div>\n\t\t\t\t\t\t<\/div>\n\t\t\t\t<\/div>\n\t\t\t\t<div class=\"elementor-element elementor-element-71390f8 elementor-widget elementor-widget-text-editor\" data-id=\"71390f8\" data-element_type=\"widget\" data-widget_type=\"text-editor.default\">\n\t\t\t\t<div class=\"elementor-widget-container\">\n\t\t\t\t\t\t\t\t\t<p><strong>Anu\u00e1rio de SCIE 2023<\/strong><\/p>\t\t\t\t\t\t\t\t<\/div>\n\t\t\t\t<\/div>\n\t\t\t\t<div class=\"elementor-element elementor-element-e2cd0be elementor-widget elementor-widget-text-editor\" data-id=\"e2cd0be\" data-element_type=\"widget\" data-widget_type=\"text-editor.default\">\n\t\t\t\t<div class=\"elementor-widget-container\">\n\t\t\t\t\t\t\t\t\t<p>O Anu\u00e1rio de Seguran\u00e7a Contra Inc\u00eandio em Edif\u00edcios 2023 apresenta uma radiografia sobre os inc\u00eandios urbanos e os servi\u00e7os de seguran\u00e7a contra inc\u00eandio em edif\u00edcios em todo o territ\u00f3rio de Portugal, continente e regi\u00f5es aut\u00f3nomas, constituindo-se como um reposit\u00f3rio central de informa\u00e7\u00e3o estat\u00edstica.<\/p>\t\t\t\t\t\t\t\t<\/div>\n\t\t\t\t<\/div>\n\t\t\t\t<\/div>\n\t\t\t\t\t<\/div>\n\t\t\t\t<\/div>\n\t\t\t\t\t<\/div>\n\t\t\t\t<\/div>\n\t\t<div class=\"elementor-element elementor-element-0882a66 e-flex e-con-boxed elementor-invisible e-con e-parent\" data-id=\"0882a66\" data-element_type=\"container\" data-settings=\"{&quot;jet_parallax_layout_list&quot;:[],&quot;animation&quot;:&quot;fadeInUp&quot;}\">\n\t\t\t\t\t<div class=\"e-con-inner\">\n\t\t\t\t\t<\/div>\n\t\t\t\t<\/div>\n\t\t<div class=\"elementor-element elementor-element-214d60d e-con-full e-flex elementor-invisible e-con e-parent\" data-id=\"214d60d\" data-element_type=\"container\" data-settings=\"{&quot;jet_parallax_layout_list&quot;:[],&quot;animation&quot;:&quot;fadeInUp&quot;}\">\n\t\t<div class=\"elementor-element elementor-element-58db9a7 e-con-full e-flex e-con e-child\" data-id=\"58db9a7\" data-element_type=\"container\" data-settings=\"{&quot;jet_parallax_layout_list&quot;:[]}\">\n\t\t\t\t<div class=\"elementor-element elementor-element-b97a713 elementor-widget elementor-widget-jet-team-member\" data-id=\"b97a713\" data-element_type=\"widget\" data-widget_type=\"jet-team-member.default\">\n\t\t\t\t<div class=\"elementor-widget-container\">\n\t\t\t\t\t<div class=\"elementor-jet-team-member jet-elements\"><div class=\"jet-team-member\">\n\t<div class=\"jet-team-member__inner\">\n\t\t\t<div class=\"jet-team-member__image\">\n\t\t\t<div class=\"jet-team-member__cover\"><\/div>\n\t\t\t<figure class=\"jet-team-member__figure\"><img fetchpriority=\"high\" decoding=\"async\" width=\"229\" height=\"234\" src=\"https:\/\/edicoes.proteger.pt\/2024\/wp-content\/uploads\/2024\/03\/momento-4_Pedro-Barbosa.jpg\" class=\"jet-team-member__img-tag\" alt=\"momento 4_Pedro Barbosa\" \/><\/figure>\t\t<\/div>\n\t\t<div class=\"jet-team-member__content\"><h3 class=\"jet-team-member__name\"><span class=\"jet-team-member__name-first\">Pedro<\/span><span class=\"jet-team-member__name-last\"> Barbosa<\/span><\/h3><div class=\"jet-team-member__position\"><span>Orador<\/span><\/div><p class=\"jet-team-member__desc\">Licenciado em Arquitetura pela Faculdade de Arquitetura da Universidade Moderna de Lisboa, possuindo a especialidade para elabora\u00e7\u00e3o de projetos e medidas de autoprote\u00e7\u00e3o de seguran\u00e7a contra inc\u00eandio em edif\u00edcios da 3.\u00aa e 4.\u00aa categoria de risco, pelo Laborat\u00f3rio Nacional de Engenharia Civil (LNEC). \n<br>\nEm 1997 integrou o quadro do Departamento de Ambiente e Espa\u00e7os Verdes da C\u00e2mara Municipal de Lisboa, tendo posteriormente desempenhado fun\u00e7\u00f5es de t\u00e9cnico superior na Divis\u00e3o de Planeamento e Opera\u00e7\u00f5es do Departamento de Prote\u00e7\u00e3o Civil e de Chefe da Divis\u00e3o de Opera\u00e7\u00f5es e de Chefe de Divis\u00e3o de Opera\u00e7\u00f5es e Apoio \u00e0s Popula\u00e7\u00f5es do Servi\u00e7o Municipal de Prote\u00e7\u00e3o Civil de Lisboa. \n<br>\nEm 2017 foi designado Diretor de Servi\u00e7os da Dire\u00e7\u00e3o de Servi\u00e7os de Seguran\u00e7a Contra Inc\u00eandios em Edif\u00edcios da Autoridade Nacional de Prote\u00e7\u00e3o Civil (ANEPC). <\/p><div class=\"jet-team-member__socials\"><div class=\"jet-team-member__socials-item\"><a href=\"https:\/\/www.linkedin.com\/in\/pedro-barbosa-ba26531b0\/\" aria-label=\"Linkedin\" target=\"_blank\"><div class=\"jet-team-member__socials-icon\"><div class=\"inner\"><span class=\"jet-elements-icon\"><svg aria-hidden=\"true\" class=\"e-font-icon-svg e-fab-linkedin-in\" viewBox=\"0 0 448 512\" xmlns=\"http:\/\/www.w3.org\/2000\/svg\"><path d=\"M100.28 448H7.4V148.9h92.88zM53.79 108.1C24.09 108.1 0 83.5 0 53.8a53.79 53.79 0 0 1 107.58 0c0 29.7-24.1 54.3-53.79 54.3zM447.9 448h-92.68V302.4c0-34.7-.7-79.2-48.29-79.2-48.29 0-55.69 37.7-55.69 76.7V448h-92.78V148.9h89.08v40.8h1.3c12.4-23.5 42.69-48.3 87.88-48.3 94 0 111.28 61.9 111.28 142.3V448z\"><\/path><\/svg><\/span><\/div><\/div><\/a><\/div><\/div><\/div>\n\t<\/div>\n\t<\/div>\n<\/div>\t\t\t\t<\/div>\n\t\t\t\t<\/div>\n\t\t\t\t<\/div>\n\t\t\t\t<\/div>\n\t\t<div class=\"elementor-element elementor-element-74ff8f5 e-flex e-con-boxed elementor-invisible e-con e-parent\" data-id=\"74ff8f5\" data-element_type=\"container\" data-settings=\"{&quot;jet_parallax_layout_list&quot;:[],&quot;animation&quot;:&quot;fadeInUp&quot;}\">\n\t\t\t\t\t<div class=\"e-con-inner\">\n\t\t\t\t\t<\/div>\n\t\t\t\t<\/div>\n\t\t\t\t<\/div>\n\t\t","protected":false},"excerpt":{"rendered":"<p>Programa Apresenta\u00e7\u00e3o Sinopse Anu\u00e1rio de SCIE 2023 O Anu\u00e1rio de Seguran\u00e7a Contra Inc\u00eandio em Edif\u00edcios 2023 apresenta uma radiografia sobre os inc\u00eandios urbanos e os servi\u00e7os de seguran\u00e7a contra inc\u00eandio em edif\u00edcios em todo o territ\u00f3rio de Portugal, continente e regi\u00f5es aut\u00f3nomas, constituindo-se como um reposit\u00f3rio central de informa\u00e7\u00e3o estat\u00edstica. Pedro Barbosa Orador Licenciado em [&hellip;]<\/p>\n","protected":false},"author":4,"featured_media":0,"parent":0,"menu_order":0,"comment_status":"closed","ping_status":"closed","template":"page-templates\/fullwidth-content.php","meta":{"inline_featured_image":false,"footnotes":""},"class_list":["post-3670","page","type-page","status-publish","hentry"],"_links":{"self":[{"href":"https:\/\/edicoes.proteger.pt\/2024\/wp-json\/wp\/v2\/pages\/3670","targetHints":{"allow":["GET"]}}],"collection":[{"href":"https:\/\/edicoes.proteger.pt\/2024\/wp-json\/wp\/v2\/pages"}],"about":[{"href":"https:\/\/edicoes.proteger.pt\/2024\/wp-json\/wp\/v2\/types\/page"}],"author":[{"embeddable":true,"href":"https:\/\/edicoes.proteger.pt\/2024\/wp-json\/wp\/v2\/users\/4"}],"replies":[{"embeddable":true,"href":"https:\/\/edicoes.proteger.pt\/2024\/wp-json\/wp\/v2\/comments?post=3670"}],"version-history":[{"count":61,"href":"https:\/\/edicoes.proteger.pt\/2024\/wp-json\/wp\/v2\/pages\/3670\/revisions"}],"predecessor-version":[{"id":4806,"href":"https:\/\/edicoes.proteger.pt\/2024\/wp-json\/wp\/v2\/pages\/3670\/revisions\/4806"}],"wp:attachment":[{"href":"https:\/\/edicoes.proteger.pt\/2024\/wp-json\/wp\/v2\/media?parent=3670"}],"curies":[{"name":"wp","href":"https:\/\/api.w.org\/{rel}","templated":true}]}}