{"id":3324,"date":"2024-03-22T11:03:18","date_gmt":"2024-03-22T11:03:18","guid":{"rendered":"https:\/\/proteger.pt\/?page_id=3324"},"modified":"2024-03-25T16:42:10","modified_gmt":"2024-03-25T16:42:10","slug":"workshop-protecao-passiva-mitigacao-de-incendios-desde-a-fase-de-projeto","status":"publish","type":"page","link":"https:\/\/edicoes.proteger.pt\/2024\/workshop-protecao-passiva-mitigacao-de-incendios-desde-a-fase-de-projeto\/","title":{"rendered":"Workshop: Prote\u00e7\u00e3o Passiva: Mitiga\u00e7\u00e3o de Inc\u00eandios desde a Fase de Projeto"},"content":{"rendered":"\t\t<div data-elementor-type=\"wp-post\" data-elementor-id=\"3324\" class=\"elementor elementor-3324\">\n\t\t\t\t<div class=\"elementor-element elementor-element-4ae152e e-con-full e-flex e-con e-parent\" data-id=\"4ae152e\" data-element_type=\"container\" data-settings=\"{&quot;background_background&quot;:&quot;classic&quot;,&quot;jet_parallax_layout_list&quot;:[]}\">\n\t\t\t\t<div class=\"elementor-element elementor-element-e984b9c elementor-invisible elementor-widget elementor-widget-heading\" data-id=\"e984b9c\" data-element_type=\"widget\" data-settings=\"{&quot;_animation&quot;:&quot;fadeInUp&quot;}\" data-widget_type=\"heading.default\">\n\t\t\t\t<div class=\"elementor-widget-container\">\n\t\t\t\t\t<h1 class=\"elementor-heading-title elementor-size-default\">Programa<\/h1>\t\t\t\t<\/div>\n\t\t\t\t<\/div>\n\t\t\t\t<\/div>\n\t\t<div class=\"elementor-element elementor-element-213d4db e-flex e-con-boxed e-con e-parent\" data-id=\"213d4db\" data-element_type=\"container\" data-settings=\"{&quot;jet_parallax_layout_list&quot;:[]}\">\n\t\t\t\t\t<div class=\"e-con-inner\">\n\t\t<div class=\"elementor-element elementor-element-55345de e-flex e-con-boxed elementor-invisible e-con e-child\" data-id=\"55345de\" data-element_type=\"container\" data-settings=\"{&quot;jet_parallax_layout_list&quot;:[],&quot;animation&quot;:&quot;fadeInUp&quot;}\">\n\t\t\t\t\t<div class=\"e-con-inner\">\n\t\t<div class=\"elementor-element elementor-element-b2919ec e-con-full e-flex e-con e-child\" data-id=\"b2919ec\" data-element_type=\"container\" data-settings=\"{&quot;jet_parallax_layout_list&quot;:[]}\">\n\t\t\t\t<div class=\"elementor-element elementor-element-3de951a elementor-widget elementor-widget-text-editor\" data-id=\"3de951a\" data-element_type=\"widget\" data-widget_type=\"text-editor.default\">\n\t\t\t\t<div class=\"elementor-widget-container\">\n\t\t\t\t\t\t\t\t\t<p>Workshop<\/p>\t\t\t\t\t\t\t\t<\/div>\n\t\t\t\t<\/div>\n\t\t\t\t<div class=\"elementor-element elementor-element-746bcc4 elementor-widget elementor-widget-heading\" data-id=\"746bcc4\" data-element_type=\"widget\" data-widget_type=\"heading.default\">\n\t\t\t\t<div class=\"elementor-widget-container\">\n\t\t\t\t\t<h1 class=\"elementor-heading-title elementor-size-default\">Sinopse<\/h1>\t\t\t\t<\/div>\n\t\t\t\t<\/div>\n\t\t\t\t<div class=\"elementor-element elementor-element-f6f660c elementor-widget-divider--view-line elementor-widget elementor-widget-divider\" data-id=\"f6f660c\" data-element_type=\"widget\" data-widget_type=\"divider.default\">\n\t\t\t\t<div class=\"elementor-widget-container\">\n\t\t\t\t\t\t\t<div class=\"elementor-divider\">\n\t\t\t<span class=\"elementor-divider-separator\">\n\t\t\t\t\t\t<\/span>\n\t\t<\/div>\n\t\t\t\t\t\t<\/div>\n\t\t\t\t<\/div>\n\t\t\t\t<div class=\"elementor-element elementor-element-71390f8 elementor-widget elementor-widget-text-editor\" data-id=\"71390f8\" data-element_type=\"widget\" data-widget_type=\"text-editor.default\">\n\t\t\t\t<div class=\"elementor-widget-container\">\n\t\t\t\t\t\t\t\t\t<p><strong>Prote\u00e7\u00e3o Passiva: Mitiga\u00e7\u00e3o de Inc\u00eandios desde a Fase de Projeto<\/strong><\/p>\t\t\t\t\t\t\t\t<\/div>\n\t\t\t\t<\/div>\n\t\t\t\t<div class=\"elementor-element elementor-element-e2cd0be elementor-widget elementor-widget-text-editor\" data-id=\"e2cd0be\" data-element_type=\"widget\" data-widget_type=\"text-editor.default\">\n\t\t\t\t<div class=\"elementor-widget-container\">\n\t\t\t\t\t\t\t\t\t<p>Neste workshop ser\u00e1 explorada a import\u00e2ncia de integrar medidas e sistemas de prote\u00e7\u00e3o passiva contra inc\u00eandio desde a fase inicial do planeamento de edif\u00edcios. A inclus\u00e3o de sistemas de compartimenta\u00e7\u00e3o, desenfumagem passiva e de materiais e elementos de constru\u00e7\u00e3o com uma adequada rea\u00e7\u00e3o e resist\u00eancia ao fogo, desempenha um papel fundamental na mitiga\u00e7\u00e3o de inc\u00eandios.<\/p><p><br \/>Estas solu\u00e7\u00f5es, ao serem eficazmente incorporadas no projeto de edif\u00edcios, ajudam a garantir a prote\u00e7\u00e3o dos seus ocupantes e do patrim\u00f3nio. Este workshop \u00e9 pensado para todos os profissionais ligados ao projeto e constru\u00e7\u00e3o de edif\u00edcios, bem como ao desenvolvimento de solu\u00e7\u00f5es de seguran\u00e7a, enfatizando a import\u00e2ncia de dar prioridade \u00e0 seguran\u00e7a contra inc\u00eandios desde as primeiras etapas do processo de constru\u00e7\u00e3o.<\/p>\t\t\t\t\t\t\t\t<\/div>\n\t\t\t\t<\/div>\n\t\t\t\t<\/div>\n\t\t\t\t\t<\/div>\n\t\t\t\t<\/div>\n\t\t\t\t\t<\/div>\n\t\t\t\t<\/div>\n\t\t<div class=\"elementor-element elementor-element-0882a66 e-flex e-con-boxed elementor-invisible e-con e-parent\" data-id=\"0882a66\" data-element_type=\"container\" data-settings=\"{&quot;jet_parallax_layout_list&quot;:[],&quot;animation&quot;:&quot;fadeInUp&quot;}\">\n\t\t\t\t\t<div class=\"e-con-inner\">\n\t\t\t\t\t<\/div>\n\t\t\t\t<\/div>\n\t\t<div class=\"elementor-element elementor-element-214d60d e-flex e-con-boxed elementor-invisible e-con e-parent\" data-id=\"214d60d\" data-element_type=\"container\" data-settings=\"{&quot;jet_parallax_layout_list&quot;:[],&quot;animation&quot;:&quot;fadeInUp&quot;}\">\n\t\t\t\t\t<div class=\"e-con-inner\">\n\t\t<div class=\"elementor-element elementor-element-58db9a7 e-con-full e-flex e-con e-child\" data-id=\"58db9a7\" data-element_type=\"container\" data-settings=\"{&quot;jet_parallax_layout_list&quot;:[]}\">\n\t\t\t\t<div class=\"elementor-element elementor-element-b97a713 elementor-widget elementor-widget-jet-team-member\" data-id=\"b97a713\" data-element_type=\"widget\" data-widget_type=\"jet-team-member.default\">\n\t\t\t\t<div class=\"elementor-widget-container\">\n\t\t\t\t\t<div class=\"elementor-jet-team-member jet-elements\"><div class=\"jet-team-member\">\n\t<div class=\"jet-team-member__inner\">\n\t\t\t<div class=\"jet-team-member__image\">\n\t\t\t<div class=\"jet-team-member__cover\"><\/div>\n\t\t\t<figure class=\"jet-team-member__figure\"><img fetchpriority=\"high\" decoding=\"async\" width=\"229\" height=\"234\" src=\"https:\/\/edicoes.proteger.pt\/2024\/wp-content\/uploads\/2024\/03\/momento-13_Lilian-Cristina-Ciconello.jpg\" class=\"jet-team-member__img-tag\" alt=\"momento 13_Lilian Cristina Ciconello\" \/><\/figure>\t\t<\/div>\n\t\t<div class=\"jet-team-member__content\"><h3 class=\"jet-team-member__name\"><span class=\"jet-team-member__name-first\">Lilian<\/span><span class=\"jet-team-member__name-last\"> Ciconello<\/span><\/h3><div class=\"jet-team-member__position\"><span>Formadora<\/span><\/div><p class=\"jet-team-member__desc\">Formada em Arquitetura e Urbanismo pela FAU \u2013 Pontif\u00edcia Universidade Cat\u00f3lica de Campinas, com MBAs em Marketing e Gest\u00e3o de Neg\u00f3cios pela Funda\u00e7\u00e3o Get\u00falio Vargas, SP. Mestre em Planejamento, Habita\u00e7\u00e3o e Tecnologia pelo IPT \u2013 Instituto de Pesquisas Tecnol\u00f3gicas de SP e doutoranda em Engenharia de Seguran\u00e7a ao Inc\u00eandio na Universidade de Coimbra. Iniciou carreira em escrit\u00f3rio de Arquitetura e a posteriori em \u00e1rea t\u00e9cnico-comercial em ind\u00fastrias da constru\u00e7\u00e3o civil (revestimentos), incluindo as multinacionais Saint Gobain (Placo) e Etex Group (Promat), especialistas em sistemas construtivos leves, implementando nesta \u00faltima portf\u00f3lio de solu\u00e7\u00f5es em prote\u00e7\u00e3o passiva contra inc\u00eandio no Brasil ; palestrante, atualmente \u00e9 Gerente Executiva da ABPP \u2013 Associa\u00e7\u00e3o Brasileira de Prote\u00e7\u00e3o Passiva contra Inc\u00eandio. <\/p><div class=\"jet-team-member__socials\"><div class=\"jet-team-member__socials-item\"><a href=\"https:\/\/www.linkedin.com\/in\/lilian-ciconello\/\" aria-label=\"Linkedin\" target=\"_blank\"><div class=\"jet-team-member__socials-icon\"><div class=\"inner\"><span class=\"jet-elements-icon\"><svg aria-hidden=\"true\" class=\"e-font-icon-svg e-fab-linkedin-in\" viewBox=\"0 0 448 512\" xmlns=\"http:\/\/www.w3.org\/2000\/svg\"><path d=\"M100.28 448H7.4V148.9h92.88zM53.79 108.1C24.09 108.1 0 83.5 0 53.8a53.79 53.79 0 0 1 107.58 0c0 29.7-24.1 54.3-53.79 54.3zM447.9 448h-92.68V302.4c0-34.7-.7-79.2-48.29-79.2-48.29 0-55.69 37.7-55.69 76.7V448h-92.78V148.9h89.08v40.8h1.3c12.4-23.5 42.69-48.3 87.88-48.3 94 0 111.28 61.9 111.28 142.3V448z\"><\/path><\/svg><\/span><\/div><\/div><\/a><\/div><\/div><\/div>\n\t<\/div>\n\t<\/div>\n<\/div>\t\t\t\t<\/div>\n\t\t\t\t<\/div>\n\t\t\t\t<\/div>\n\t\t\t\t\t<\/div>\n\t\t\t\t<\/div>\n\t\t<div class=\"elementor-element elementor-element-74ff8f5 e-flex e-con-boxed elementor-invisible e-con e-parent\" data-id=\"74ff8f5\" data-element_type=\"container\" data-settings=\"{&quot;jet_parallax_layout_list&quot;:[],&quot;animation&quot;:&quot;fadeInUp&quot;}\">\n\t\t\t\t\t<div class=\"e-con-inner\">\n\t\t\t\t\t<\/div>\n\t\t\t\t<\/div>\n\t\t\t\t<\/div>\n\t\t","protected":false},"excerpt":{"rendered":"<p>Programa Workshop Sinopse Prote\u00e7\u00e3o Passiva: Mitiga\u00e7\u00e3o de Inc\u00eandios desde a Fase de Projeto Neste workshop ser\u00e1 explorada a import\u00e2ncia de integrar medidas e sistemas de prote\u00e7\u00e3o passiva contra inc\u00eandio desde a fase inicial do planeamento de edif\u00edcios. A inclus\u00e3o de sistemas de compartimenta\u00e7\u00e3o, desenfumagem passiva e de materiais e elementos de constru\u00e7\u00e3o com uma adequada [&hellip;]<\/p>\n","protected":false},"author":4,"featured_media":0,"parent":0,"menu_order":0,"comment_status":"closed","ping_status":"closed","template":"page-templates\/fullwidth-content.php","meta":{"inline_featured_image":false,"footnotes":""},"class_list":["post-3324","page","type-page","status-publish","hentry"],"_links":{"self":[{"href":"https:\/\/edicoes.proteger.pt\/2024\/wp-json\/wp\/v2\/pages\/3324","targetHints":{"allow":["GET"]}}],"collection":[{"href":"https:\/\/edicoes.proteger.pt\/2024\/wp-json\/wp\/v2\/pages"}],"about":[{"href":"https:\/\/edicoes.proteger.pt\/2024\/wp-json\/wp\/v2\/types\/page"}],"author":[{"embeddable":true,"href":"https:\/\/edicoes.proteger.pt\/2024\/wp-json\/wp\/v2\/users\/4"}],"replies":[{"embeddable":true,"href":"https:\/\/edicoes.proteger.pt\/2024\/wp-json\/wp\/v2\/comments?post=3324"}],"version-history":[{"count":31,"href":"https:\/\/edicoes.proteger.pt\/2024\/wp-json\/wp\/v2\/pages\/3324\/revisions"}],"predecessor-version":[{"id":4092,"href":"https:\/\/edicoes.proteger.pt\/2024\/wp-json\/wp\/v2\/pages\/3324\/revisions\/4092"}],"wp:attachment":[{"href":"https:\/\/edicoes.proteger.pt\/2024\/wp-json\/wp\/v2\/media?parent=3324"}],"curies":[{"name":"wp","href":"https:\/\/api.w.org\/{rel}","templated":true}]}}