{"id":1470,"date":"2024-01-29T16:00:14","date_gmt":"2024-01-29T16:00:14","guid":{"rendered":"https:\/\/proteger.pt\/?page_id=1470"},"modified":"2024-01-29T16:32:35","modified_gmt":"2024-01-29T16:32:35","slug":"politica-de-privacidade","status":"publish","type":"page","link":"https:\/\/edicoes.proteger.pt\/2024\/politica-de-privacidade\/","title":{"rendered":"Pol\u00edtica de Privacidade e Cookies"},"content":{"rendered":"\t\t<div data-elementor-type=\"wp-post\" data-elementor-id=\"1470\" class=\"elementor elementor-1470\">\n\t\t\t\t<div class=\"elementor-element elementor-element-4ae152e e-con-full e-flex e-con e-parent\" data-id=\"4ae152e\" data-element_type=\"container\" data-settings=\"{&quot;background_background&quot;:&quot;classic&quot;,&quot;jet_parallax_layout_list&quot;:[]}\">\n\t\t\t\t<div class=\"elementor-element elementor-element-e984b9c elementor-invisible elementor-widget elementor-widget-heading\" data-id=\"e984b9c\" data-element_type=\"widget\" data-settings=\"{&quot;_animation&quot;:&quot;fadeInUp&quot;}\" data-widget_type=\"heading.default\">\n\t\t\t\t<div class=\"elementor-widget-container\">\n\t\t\t\t\t<h1 class=\"elementor-heading-title elementor-size-default\">Pol\u00edtica de Privacidade <br> e de Prote\u00e7\u00e3o de Dados Pessoais<\/h1>\t\t\t\t<\/div>\n\t\t\t\t<\/div>\n\t\t\t\t<\/div>\n\t\t<div class=\"elementor-element elementor-element-213d4db e-flex e-con-boxed elementor-invisible e-con e-parent\" data-id=\"213d4db\" data-element_type=\"container\" data-settings=\"{&quot;jet_parallax_layout_list&quot;:[],&quot;animation&quot;:&quot;fadeInUp&quot;}\">\n\t\t\t\t\t<div class=\"e-con-inner\">\n\t\t<div class=\"elementor-element elementor-element-55345de e-flex e-con-boxed elementor-invisible e-con e-child\" data-id=\"55345de\" data-element_type=\"container\" data-settings=\"{&quot;jet_parallax_layout_list&quot;:[],&quot;animation&quot;:&quot;fadeInUp&quot;}\">\n\t\t\t\t\t<div class=\"e-con-inner\">\n\t\t<div class=\"elementor-element elementor-element-b2919ec e-con-full e-flex e-con e-child\" data-id=\"b2919ec\" data-element_type=\"container\" data-settings=\"{&quot;jet_parallax_layout_list&quot;:[]}\">\n\t\t\t\t<div class=\"elementor-element elementor-element-e694dc0 elementor-widget elementor-widget-text-editor\" data-id=\"e694dc0\" data-element_type=\"widget\" data-widget_type=\"text-editor.default\">\n\t\t\t\t<div class=\"elementor-widget-container\">\n\t\t\t\t\t\t\t\t\t<p>Conhe\u00e7a a nossa<\/p>\t\t\t\t\t\t\t\t<\/div>\n\t\t\t\t<\/div>\n\t\t\t\t<div class=\"elementor-element elementor-element-746bcc4 elementor-widget elementor-widget-heading\" data-id=\"746bcc4\" data-element_type=\"widget\" data-widget_type=\"heading.default\">\n\t\t\t\t<div class=\"elementor-widget-container\">\n\t\t\t\t\t<h1 class=\"elementor-heading-title elementor-size-default\">Pol\u00edtica de Privacidade <br> e de Prote\u00e7\u00e3o de Dados Pessoais<\/h1>\t\t\t\t<\/div>\n\t\t\t\t<\/div>\n\t\t\t\t<div class=\"elementor-element elementor-element-f6f660c elementor-widget-divider--view-line elementor-widget elementor-widget-divider\" data-id=\"f6f660c\" data-element_type=\"widget\" data-widget_type=\"divider.default\">\n\t\t\t\t<div class=\"elementor-widget-container\">\n\t\t\t\t\t\t\t<div class=\"elementor-divider\">\n\t\t\t<span class=\"elementor-divider-separator\">\n\t\t\t\t\t\t<\/span>\n\t\t<\/div>\n\t\t\t\t\t\t<\/div>\n\t\t\t\t<\/div>\n\t\t\t\t<div class=\"elementor-element elementor-element-71390f8 elementor-widget elementor-widget-text-editor\" data-id=\"71390f8\" data-element_type=\"widget\" data-widget_type=\"text-editor.default\">\n\t\t\t\t<div class=\"elementor-widget-container\">\n\t\t\t\t\t\t\t\t\t<p>A APSEI \u2013 Associa\u00e7\u00e3o Portuguesa de Seguran\u00e7a, enquanto promotora do evento Confer\u00eancia de Seguran\u00e7a &#8211; PROTEGER, valoriza\u00a0e atribui m\u00e1xima import\u00e2ncia \u00e0 confian\u00e7a depositada em n\u00f3s e garante que os seus dados pessoais se encontram em seguran\u00e7a e s\u00e3o processados com total privacidade. Privacidade, confidencialidade e transpar\u00eancia s\u00e3o tr\u00eas elementos fulcrais na rela\u00e7\u00e3o de confian\u00e7a que estabelecemos com os nossos Associados, empresas e profissionais do setor da Seguran\u00e7a, seguidamente designados por Clientes.<\/p><p>O tratamento dos seus dados pessoais permite, entre outras finalidades, o desenvolvimento, divulga\u00e7\u00e3o e a comercializa\u00e7\u00e3o direta dos produtos e servi\u00e7os que acreditamos serem os mais adequados ao perfil e necessidades de cada Associado, empresa e profissional do setor da Seguran\u00e7a.<\/p><p>A APSEI \u2013 Associa\u00e7\u00e3o Portuguesa de Seguran\u00e7a valoriza a privacidade dos seus Clientes, e neste sentido compromete-se a respeit\u00e1-la, garantindo o sigilo e prote\u00e7\u00e3o dos dados registados pelos utilizadores. Foram tomadas medidas t\u00e9cnicas e administrativas que asseguram que as normas de prote\u00e7\u00e3o de dados sejam devidamente executadas pela APSEI e outros prestadores de servi\u00e7os externos. No \u00e2mbito do desenvolvimento do website e da implementa\u00e7\u00e3o de novas tecnologias para uma melhor presta\u00e7\u00e3o de servi\u00e7o, pedimos aos nossos utilizadores que estejam atentos a eventuais altera\u00e7\u00f5es que esta declara\u00e7\u00e3o possa vir a ter.<\/p><p>\u00a0<\/p><p><strong>Respons\u00e1vel pelo Tratamento dos Dados Pessoais<\/strong><\/p><p>APSEI- Associa\u00e7\u00e3o Portuguesa de Seguran\u00e7a<br \/>Rua Cooperativa A Sacavenense, n\u00ba25, C\/F \u2013 2685-005 \u2013 Sacav\u00e9m<\/p><p>Susana Casinha<br \/>Tel.: +351 914 060 913 \/ +351 219 527 849<br \/><a href=\"mailto:susana.casinha@apsei.org.pt\" target=\"_blank\" rel=\"noopener\">susana.casinha@apsei.org.pt<\/a><br \/><a id=\"m_6791833912910389433LPlnk\" href=\"http:\/\/www.apsei.org.pt\/\" target=\"_blank\" rel=\"noopener\" data-saferedirecturl=\"https:\/\/www.google.com\/url?q=http:\/\/www.apsei.org.pt&amp;source=gmail&amp;ust=1706606487012000&amp;usg=AOvVaw0vqUm2sKCRLcD0C5kAfcH3\">www.apsei.org.pt<\/a><\/p><p>\u00a0<\/p><p><strong>Utiliza\u00e7\u00e3o do website<\/strong><\/p><p>Todos os dados de acesso ao website da Confer\u00eancia de Seguran\u00e7a &#8211; PROTEGER, tais como o nome do ficheiro solicitado, data e hora da visita, quantidade de dados transferidos, taxa de visitas bem-sucedidas ficam registados em logfiles durante um prazo m\u00e1ximo de 3 meses.<\/p><p>Estes dados s\u00e3o apenas aproveitados para fins de otimiza\u00e7\u00e3o do website. Em caso de solicita\u00e7\u00e3o de material informativo, newsletter ou brochuras, o fornecimento de dados pessoais \u00e0 APSEI \u00e9 da exclusiva responsabilidade do utilizador, que decide se pretende ou n\u00e3o dar a conhecer este tipo de dados. Todos os dados pessoais s\u00e3o registados em servidores, cujo acesso \u00e9 restrito a determinados colaboradores do departamento t\u00e9cnico e comercial.<\/p><p>\u00a0<\/p><p><strong>Utiliza\u00e7\u00e3o de cookies<\/strong><\/p><p>A aplica\u00e7\u00e3o da tecnologia dos cookies pode ocorrer sem aviso pr\u00e9vio do utilizador.<\/p><p>A maioria dos browsers aceita automaticamente cookies, no entanto, \u00e9 poss\u00edvel descativ\u00e1-los ou ent\u00e3o configurar o browser de forma que os cookies sejam apenas memorizados durante o tempo de liga\u00e7\u00e3o \u00e0 internet.<\/p>\t\t\t\t\t\t\t\t<\/div>\n\t\t\t\t<\/div>\n\t\t\t\t<\/div>\n\t\t\t\t\t<\/div>\n\t\t\t\t<\/div>\n\t\t\t\t\t<\/div>\n\t\t\t\t<\/div>\n\t\t\t\t<\/div>\n\t\t","protected":false},"excerpt":{"rendered":"<p>Pol\u00edtica de Privacidade e de Prote\u00e7\u00e3o de Dados Pessoais Conhe\u00e7a a nossa Pol\u00edtica de Privacidade e de Prote\u00e7\u00e3o de Dados Pessoais A APSEI \u2013 Associa\u00e7\u00e3o Portuguesa de Seguran\u00e7a, enquanto promotora do evento Confer\u00eancia de Seguran\u00e7a &#8211; PROTEGER, valoriza\u00a0e atribui m\u00e1xima import\u00e2ncia \u00e0 confian\u00e7a depositada em n\u00f3s e garante que os seus dados pessoais se encontram [&hellip;]<\/p>\n","protected":false},"author":3,"featured_media":0,"parent":0,"menu_order":0,"comment_status":"closed","ping_status":"closed","template":"page-templates\/fullwidth-content.php","meta":{"inline_featured_image":false,"footnotes":""},"class_list":["post-1470","page","type-page","status-publish","hentry"],"_links":{"self":[{"href":"https:\/\/edicoes.proteger.pt\/2024\/wp-json\/wp\/v2\/pages\/1470","targetHints":{"allow":["GET"]}}],"collection":[{"href":"https:\/\/edicoes.proteger.pt\/2024\/wp-json\/wp\/v2\/pages"}],"about":[{"href":"https:\/\/edicoes.proteger.pt\/2024\/wp-json\/wp\/v2\/types\/page"}],"author":[{"embeddable":true,"href":"https:\/\/edicoes.proteger.pt\/2024\/wp-json\/wp\/v2\/users\/3"}],"replies":[{"embeddable":true,"href":"https:\/\/edicoes.proteger.pt\/2024\/wp-json\/wp\/v2\/comments?post=1470"}],"version-history":[{"count":44,"href":"https:\/\/edicoes.proteger.pt\/2024\/wp-json\/wp\/v2\/pages\/1470\/revisions"}],"predecessor-version":[{"id":1519,"href":"https:\/\/edicoes.proteger.pt\/2024\/wp-json\/wp\/v2\/pages\/1470\/revisions\/1519"}],"wp:attachment":[{"href":"https:\/\/edicoes.proteger.pt\/2024\/wp-json\/wp\/v2\/media?parent=1470"}],"curies":[{"name":"wp","href":"https:\/\/api.w.org\/{rel}","templated":true}]}}